{"id":18455,"date":"2024-03-12T15:12:55","date_gmt":"2024-03-12T19:12:55","guid":{"rendered":"https:\/\/af.ca\/ottawa\/?page_id=18455"},"modified":"2025-04-28T11:33:21","modified_gmt":"2025-04-28T15:33:21","slug":"performing-arts","status":"publish","type":"page","link":"https:\/\/af.ca\/ottawa\/en\/performing-arts\/","title":{"rendered":"Performing arts"},"content":{"rendered":"<p><a href=\"https:\/\/af.ca\/ottawa\/en\/eurovision\/#\/\"><img loading=\"lazy\" decoding=\"async\" class=\"wp-image-23683 alignleft\" src=\"https:\/\/af.ca\/ottawa\/wp-content\/uploads\/2025\/04\/FB-300x300.png\" alt=\"\" width=\"386\" height=\"386\" srcset=\"https:\/\/af.ca\/ottawa\/wp-content\/uploads\/2025\/04\/FB-300x300.png 300w, https:\/\/af.ca\/ottawa\/wp-content\/uploads\/2025\/04\/FB-1024x1024.png 1024w, https:\/\/af.ca\/ottawa\/wp-content\/uploads\/2025\/04\/FB-150x150.png 150w, https:\/\/af.ca\/ottawa\/wp-content\/uploads\/2025\/04\/FB-768x768.png 768w, https:\/\/af.ca\/ottawa\/wp-content\/uploads\/2025\/04\/FB-125x125.png 125w, https:\/\/af.ca\/ottawa\/wp-content\/uploads\/2025\/04\/FB.png 1080w\" sizes=\"auto, (max-width: 386px) 100vw, 386px\" \/><\/a><\/p>\n<p><strong>EUROVISION<\/strong><\/p>\n<p>Immerse yourself in a vibrant and musical atmosphere with a live broadcast of this iconic show. In addition to the screening, enjoy a delicious buffet included in the ticket price, take part in a memorable karaoke session, test your knowledge with an Eurovision-themed quiz to win prizes from participating embassies, and strike a pose at our themed photobooth.<br class=\"html-br\" \/><br class=\"html-br\" \/>This year, to add even more magic and glamour, a fabulous drag queen will host the event and join in the festivities throughout the afternoon.<\/p>\n<p>&nbsp;<\/p>\n<p>&nbsp;<\/p>\n<p>&nbsp;<\/p>\n<p>&nbsp;<\/p>\n<p>&nbsp;<\/p>\n<p><a href=\"https:\/\/af.ca\/ottawa\/en\/euphrate\/#\/\"><img loading=\"lazy\" decoding=\"async\" class=\"wp-image-23642 alignleft\" src=\"https:\/\/af.ca\/ottawa\/wp-content\/uploads\/2025\/04\/Event-2024-2025-Non-recurents-AEC-1-300x300.png\" alt=\"\" width=\"388\" height=\"388\" srcset=\"https:\/\/af.ca\/ottawa\/wp-content\/uploads\/2025\/04\/Event-2024-2025-Non-recurents-AEC-1-300x300.png 300w, https:\/\/af.ca\/ottawa\/wp-content\/uploads\/2025\/04\/Event-2024-2025-Non-recurents-AEC-1-1024x1024.png 1024w, https:\/\/af.ca\/ottawa\/wp-content\/uploads\/2025\/04\/Event-2024-2025-Non-recurents-AEC-1-150x150.png 150w, https:\/\/af.ca\/ottawa\/wp-content\/uploads\/2025\/04\/Event-2024-2025-Non-recurents-AEC-1-768x768.png 768w, https:\/\/af.ca\/ottawa\/wp-content\/uploads\/2025\/04\/Event-2024-2025-Non-recurents-AEC-1-125x125.png 125w, https:\/\/af.ca\/ottawa\/wp-content\/uploads\/2025\/04\/Event-2024-2025-Non-recurents-AEC-1.png 1080w\" sizes=\"auto, (max-width: 388px) 100vw, 388px\" \/><\/a><\/p>\n<p><strong>EUPHRATE<\/strong><\/p>\n<p>Alliance Fran\u00e7aise Ottawa\u00a0presents this magnificent play with dance passages.<\/p>\n<p>Blending movement and storytelling, Nil Bosca\u2019s performance joyfully explores the long road to self-expression and identity as a young woman.<\/p>\n<p>&nbsp;<\/p>\n<p>&nbsp;<\/p>\n<p>&nbsp;<\/p>\n<p>&nbsp;<\/p>\n<p>&nbsp;<\/p>\n<p>&nbsp;<\/p>\n<p>&nbsp;<\/p>\n<p><strong><a href=\"https:\/\/af.ca\/ottawa\/en\/quator-elysee\/#\/\"><img loading=\"lazy\" decoding=\"async\" class=\" wp-image-23609 alignleft\" src=\"https:\/\/af.ca\/ottawa\/wp-content\/uploads\/2025\/04\/Concert-Quatuor-Elysee-Format-Facebook-300x300.png\" alt=\"\" width=\"389\" height=\"389\" srcset=\"https:\/\/af.ca\/ottawa\/wp-content\/uploads\/2025\/04\/Concert-Quatuor-Elysee-Format-Facebook-300x300.png 300w, https:\/\/af.ca\/ottawa\/wp-content\/uploads\/2025\/04\/Concert-Quatuor-Elysee-Format-Facebook-1024x1024.png 1024w, https:\/\/af.ca\/ottawa\/wp-content\/uploads\/2025\/04\/Concert-Quatuor-Elysee-Format-Facebook-150x150.png 150w, https:\/\/af.ca\/ottawa\/wp-content\/uploads\/2025\/04\/Concert-Quatuor-Elysee-Format-Facebook-768x768.png 768w, https:\/\/af.ca\/ottawa\/wp-content\/uploads\/2025\/04\/Concert-Quatuor-Elysee-Format-Facebook-125x125.png 125w, https:\/\/af.ca\/ottawa\/wp-content\/uploads\/2025\/04\/Concert-Quatuor-Elysee-Format-Facebook.png 1080w\" sizes=\"auto, (max-width: 389px) 100vw, 389px\" \/><\/a><\/strong><\/p>\n<p><strong>QUATOR ELYSEE<\/strong><\/p>\n<p>When French elegance meets Russian depth&#8230; The Quatuor Elys\u00e9e takes you on a musical journey of rare intensity. A concert not to be missed!<\/p>\n<p>&nbsp;<\/p>\n<p>&nbsp;<\/p>\n<p>&nbsp;<\/p>\n<p>&nbsp;<\/p>\n<p>&nbsp;<\/p>\n<p>&nbsp;<\/p>\n<p>&nbsp;<\/p>\n<p>&nbsp;<\/p>\n<p>&nbsp;<\/p>\n<p>&nbsp;<\/p>\n<p><a href=\"https:\/\/af.ca\/ottawa\/en\/kora-flamenca-concert\/#\/\"><img loading=\"lazy\" decoding=\"async\" class=\"wp-image-23086 alignleft\" src=\"https:\/\/af.ca\/ottawa\/wp-content\/uploads\/2024\/12\/CONCERT-KORA-FLAMENCA-300x300.png\" alt=\"\" width=\"389\" height=\"389\" srcset=\"https:\/\/af.ca\/ottawa\/wp-content\/uploads\/2024\/12\/CONCERT-KORA-FLAMENCA-300x300.png 300w, https:\/\/af.ca\/ottawa\/wp-content\/uploads\/2024\/12\/CONCERT-KORA-FLAMENCA-1024x1024.png 1024w, https:\/\/af.ca\/ottawa\/wp-content\/uploads\/2024\/12\/CONCERT-KORA-FLAMENCA-150x150.png 150w, https:\/\/af.ca\/ottawa\/wp-content\/uploads\/2024\/12\/CONCERT-KORA-FLAMENCA-768x768.png 768w, https:\/\/af.ca\/ottawa\/wp-content\/uploads\/2024\/12\/CONCERT-KORA-FLAMENCA-125x125.png 125w, https:\/\/af.ca\/ottawa\/wp-content\/uploads\/2024\/12\/CONCERT-KORA-FLAMENCA.png 1080w\" sizes=\"auto, (max-width: 389px) 100vw, 389px\" \/><\/a><\/p>\n<p style=\"text-align: left;\"><strong>KORA FLAMENCO CONCERT<\/strong><\/p>\n<p>Come and vibrate to Afro-Mandingo music and flamenco and experience an unforgettable concert on &#8230; from &#8230; Two great artists Zal Sissokho (kora and voice) and Caroline Plant\u00e9 (flamenco guitar and voice) combine their musical culture to take us on a journey to the sound of their encounter, accompanied by Miguel Medina on percussion and Jean F\u00e9lix Mailloux on double bass.<\/p>\n<p>&nbsp;<\/p>\n<p>&nbsp;<\/p>\n<p>&nbsp;<\/p>\n<p>&nbsp;<\/p>\n<p>&nbsp;<\/p>\n<p>&nbsp;<\/p>\n<p>&nbsp;<\/p>\n<p>&nbsp;<\/p>\n<p style=\"text-align: left;\"><a href=\"https:\/\/af.ca\/ottawa\/en\/maxime-zecchini-concert\/#\/\"><img loading=\"lazy\" decoding=\"async\" class=\"wp-image-23078 alignleft\" src=\"https:\/\/af.ca\/ottawa\/wp-content\/uploads\/2024\/12\/CONCERT-Maxime-Zecchini-RS-300x300.png\" alt=\"\" width=\"390\" height=\"390\" srcset=\"https:\/\/af.ca\/ottawa\/wp-content\/uploads\/2024\/12\/CONCERT-Maxime-Zecchini-RS-300x300.png 300w, https:\/\/af.ca\/ottawa\/wp-content\/uploads\/2024\/12\/CONCERT-Maxime-Zecchini-RS-1024x1024.png 1024w, https:\/\/af.ca\/ottawa\/wp-content\/uploads\/2024\/12\/CONCERT-Maxime-Zecchini-RS-150x150.png 150w, https:\/\/af.ca\/ottawa\/wp-content\/uploads\/2024\/12\/CONCERT-Maxime-Zecchini-RS-768x768.png 768w, https:\/\/af.ca\/ottawa\/wp-content\/uploads\/2024\/12\/CONCERT-Maxime-Zecchini-RS-125x125.png 125w, https:\/\/af.ca\/ottawa\/wp-content\/uploads\/2024\/12\/CONCERT-Maxime-Zecchini-RS.png 1080w\" sizes=\"auto, (max-width: 390px) 100vw, 390px\" \/><\/a><\/p>\n<p>&nbsp;<\/p>\n<p style=\"text-align: left;\"><strong>MAXIME ZECCHINI CONCERT<\/strong><\/p>\n<p>The Alliance Fran\u00e7aise Ottawa, in partnership with Music and Beyond\/ Musique et Autres Mondes is delighted to invite you to an exceptional concert by French pianist Maxime Zecchini on Saturday, January 18, 2025. Internationally acclaimed, Maxime Zecchini will take you on a journey through a unique repertoire combining classical music and musicals, performed exclusively with the left hand.<\/p>\n<p>&nbsp;<\/p>\n<p>&nbsp;<\/p>\n<p>&nbsp;<\/p>\n<p>&nbsp;<\/p>\n<p>&nbsp;<\/p>\n<p>&nbsp;<\/p>\n<p>&nbsp;<\/p>\n<p>&nbsp;<\/p>\n<p><a href=\"https:\/\/calendrier.gatineau.cloud\/calendrier\/evenement.aspx?langue=fr-ca&amp;id_evenement=44551\"><img loading=\"lazy\" decoding=\"async\" class=\" wp-image-22733 alignleft\" src=\"https:\/\/af.ca\/ottawa\/wp-content\/uploads\/2024\/10\/Visuel-concert-Willows-1-300x300.png\" alt=\"\" width=\"386\" height=\"386\" srcset=\"https:\/\/af.ca\/ottawa\/wp-content\/uploads\/2024\/10\/Visuel-concert-Willows-1-300x300.png 300w, https:\/\/af.ca\/ottawa\/wp-content\/uploads\/2024\/10\/Visuel-concert-Willows-1-1024x1024.png 1024w, https:\/\/af.ca\/ottawa\/wp-content\/uploads\/2024\/10\/Visuel-concert-Willows-1-150x150.png 150w, https:\/\/af.ca\/ottawa\/wp-content\/uploads\/2024\/10\/Visuel-concert-Willows-1-768x768.png 768w, https:\/\/af.ca\/ottawa\/wp-content\/uploads\/2024\/10\/Visuel-concert-Willows-1-125x125.png 125w, https:\/\/af.ca\/ottawa\/wp-content\/uploads\/2024\/10\/Visuel-concert-Willows-1.png 1080w\" sizes=\"auto, (max-width: 386px) 100vw, 386px\" \/><\/a><\/p>\n<header>\n<h3>Double bill: Jeanne C\u00f4t\u00e9 and Willows<\/h3>\n<\/header>\n<p>La Ville de Gatineau and Alliance Fran\u00e7aise Ottawa present a double act, Jeanne C\u00f4t\u00e9 and Willows, for an unforgivable concert!<\/p>\n<p>&nbsp;<\/p>\n<p>&nbsp;<\/p>\n<p>&nbsp;<\/p>\n<p>&nbsp;<\/p>\n<p>&nbsp;<\/p>\n<p>&nbsp;<\/p>\n<p>&nbsp;<\/p>\n<p>&nbsp;<\/p>\n<p>&nbsp;<\/p>\n<p><a href=\"https:\/\/af.ca\/ottawa\/en\/fete-de-la-musique-2024\/#\/\"><img loading=\"lazy\" decoding=\"async\" class=\" wp-image-21955 alignleft\" src=\"https:\/\/af.ca\/ottawa\/wp-content\/uploads\/2024\/05\/Fete-de-la-musique-2024-visuel-300x300.png\" alt=\"\" width=\"380\" height=\"380\" srcset=\"https:\/\/af.ca\/ottawa\/wp-content\/uploads\/2024\/05\/Fete-de-la-musique-2024-visuel-300x300.png 300w, https:\/\/af.ca\/ottawa\/wp-content\/uploads\/2024\/05\/Fete-de-la-musique-2024-visuel-1024x1024.png 1024w, https:\/\/af.ca\/ottawa\/wp-content\/uploads\/2024\/05\/Fete-de-la-musique-2024-visuel-150x150.png 150w, https:\/\/af.ca\/ottawa\/wp-content\/uploads\/2024\/05\/Fete-de-la-musique-2024-visuel-768x768.png 768w, https:\/\/af.ca\/ottawa\/wp-content\/uploads\/2024\/05\/Fete-de-la-musique-2024-visuel-125x125.png 125w, https:\/\/af.ca\/ottawa\/wp-content\/uploads\/2024\/05\/Fete-de-la-musique-2024-visuel.png 1080w\" sizes=\"auto, (max-width: 380px) 100vw, 380px\" \/><\/a><\/p>\n<header>\n<h3>F\u00eate de la musique 2024<\/h3>\n<\/header>\n<p>For the F\u00eate de la musique 2024 join us at the legendary bar Le Minotaure for an unforgettable concert by Walter Astral and Michelle &amp; Les Gar\u00e7ons. Dive into a psychedelic, atypical and explosive pop universe to celebrate music and the start of summer!<\/p>\n<p>&nbsp;<\/p>\n<p>&nbsp;<\/p>\n<p>&nbsp;<\/p>\n<p>&nbsp;<\/p>\n<p>&nbsp;<\/p>\n<p>&nbsp;<\/p>\n<p>&nbsp;<\/p>\n<p>&nbsp;<\/p>\n<p><a href=\"https:\/\/af.ca\/ottawa\/en\/taqsim-driver-concert-la-fanfare-couche-tard\/#\/\"><img loading=\"lazy\" decoding=\"async\" class=\" wp-image-21691 alignleft\" src=\"https:\/\/af.ca\/ottawa\/wp-content\/uploads\/2024\/03\/Concert-Taqsim-Driver-visuel-300x300.png\" alt=\"\" width=\"379\" height=\"379\" srcset=\"https:\/\/af.ca\/ottawa\/wp-content\/uploads\/2024\/03\/Concert-Taqsim-Driver-visuel-300x300.png 300w, https:\/\/af.ca\/ottawa\/wp-content\/uploads\/2024\/03\/Concert-Taqsim-Driver-visuel-1024x1024.png 1024w, https:\/\/af.ca\/ottawa\/wp-content\/uploads\/2024\/03\/Concert-Taqsim-Driver-visuel-150x150.png 150w, https:\/\/af.ca\/ottawa\/wp-content\/uploads\/2024\/03\/Concert-Taqsim-Driver-visuel-768x768.png 768w, https:\/\/af.ca\/ottawa\/wp-content\/uploads\/2024\/03\/Concert-Taqsim-Driver-visuel-125x125.png 125w, https:\/\/af.ca\/ottawa\/wp-content\/uploads\/2024\/03\/Concert-Taqsim-Driver-visuel.png 1080w\" sizes=\"auto, (max-width: 379px) 100vw, 379px\" \/><\/a><\/p>\n<header>\n<h3>Taqsim Driver Concert<\/h3>\n<\/header>\n<p>Taqsim Driver will be touring the Alliances Fran\u00e7aises network in Canada. Come and discover them on April 23 in Ottawa! Like a courier of dreams freed from codes, Taqsim Driver deploys an imaginary bridge between tradition and modernity.<\/p>\n<p>Created by the musicians of Fanfare Couche-Tard, who toured for 15 years in Europe, India, Morocco and South Africa, Taqsim Driver released its first videos and singles in 2023.<\/p>\n<p>&nbsp;<\/p>\n<p>&nbsp;<\/p>\n<p>&nbsp;<\/p>\n<p>&nbsp;<\/p>\n<p>&nbsp;<\/p>\n<p>&nbsp;<\/p>\n<p>&nbsp;<\/p>\n<p><a href=\"https:\/\/af.ca\/ottawa\/en\/vice-consul-by-maud-andrieux\/#\/\"><img loading=\"lazy\" decoding=\"async\" class=\"wp-image-21615 alignleft\" src=\"https:\/\/af.ca\/ottawa\/wp-content\/uploads\/2024\/02\/Vice-consul-promo-insta-300x300.png\" alt=\"\" width=\"380\" height=\"380\" srcset=\"https:\/\/af.ca\/ottawa\/wp-content\/uploads\/2024\/02\/Vice-consul-promo-insta-300x300.png 300w, https:\/\/af.ca\/ottawa\/wp-content\/uploads\/2024\/02\/Vice-consul-promo-insta-1024x1024.png 1024w, https:\/\/af.ca\/ottawa\/wp-content\/uploads\/2024\/02\/Vice-consul-promo-insta-150x150.png 150w, https:\/\/af.ca\/ottawa\/wp-content\/uploads\/2024\/02\/Vice-consul-promo-insta-768x768.png 768w, https:\/\/af.ca\/ottawa\/wp-content\/uploads\/2024\/02\/Vice-consul-promo-insta-125x125.png 125w, https:\/\/af.ca\/ottawa\/wp-content\/uploads\/2024\/02\/Vice-consul-promo-insta.png 1080w\" sizes=\"auto, (max-width: 380px) 100vw, 380px\" \/><\/a><\/p>\n<header>\n<h3>Le Vice-Consul by Maud Andrieux<\/h3>\n<\/header>\n<p>The Alliances Fran\u00e7aises of Canada present : Le Vice-Consul, a play adapted from the novel by Marguerite Duras by Maud Andrieux (Compagnie du Barrage).<\/p>\n<p>Maud Andrieux is a Stage Director, Actress and Artistic Director of Th\u00e9\u00e2tre Marguerite Duras Itin\u00e9rant since 2014. She&#8217;ll be in Ottawa on March 21 at 7pm.<\/p>\n<p>&nbsp;<\/p>\n<p>&nbsp;<\/p>\n<p>&nbsp;<\/p>\n<p>&nbsp;<\/p>\n<p>&nbsp;<\/p>\n<p>&nbsp;<\/p>\n<p>&nbsp;<\/p>\n<p><a href=\"https:\/\/af.ca\/ottawa\/details-de-levenement\/?eventId=764#\/\"><img loading=\"lazy\" decoding=\"async\" class=\" wp-image-20916 alignleft\" src=\"https:\/\/af.ca\/ottawa\/wp-content\/uploads\/2023\/08\/Spectacle-de-danse-de-cerceaux-300x300.jpg\" alt=\"\" width=\"390\" height=\"390\" srcset=\"https:\/\/af.ca\/ottawa\/wp-content\/uploads\/2023\/08\/Spectacle-de-danse-de-cerceaux-300x300.jpg 300w, https:\/\/af.ca\/ottawa\/wp-content\/uploads\/2023\/08\/Spectacle-de-danse-de-cerceaux-1024x1024.jpg 1024w, https:\/\/af.ca\/ottawa\/wp-content\/uploads\/2023\/08\/Spectacle-de-danse-de-cerceaux-150x150.jpg 150w, https:\/\/af.ca\/ottawa\/wp-content\/uploads\/2023\/08\/Spectacle-de-danse-de-cerceaux-768x768.jpg 768w, https:\/\/af.ca\/ottawa\/wp-content\/uploads\/2023\/08\/Spectacle-de-danse-de-cerceaux-125x125.jpg 125w, https:\/\/af.ca\/ottawa\/wp-content\/uploads\/2023\/08\/Spectacle-de-danse-de-cerceaux.jpg 1080w\" sizes=\"auto, (max-width: 390px) 100vw, 390px\" \/><\/a><\/p>\n<p>&nbsp;<\/p>\n<h3>Indigenous hoop dance performance<\/h3>\n<p>To celebrate the indigenous cultures of Canada, the Alliance Fran\u00e7aise Ottawa offers you a hoop dance performance by the artist Makhena Rankin Gu\u00e9rin.<\/p>\n<p>A young Anishinaabe hoop dancer, Makhena will come to give a demonstration of this important dance in her community. She will also explain the origin of this dance and its uses in Indigenous medicine.<\/p>\n<p>&nbsp;<\/p>\n<p>&nbsp;<\/p>\n<p>&nbsp;<\/p>\n<p>&nbsp;<\/p>\n<p>&nbsp;<\/p>\n<p>&nbsp;<\/p>\n<p><a href=\"https:\/\/af.ca\/ottawa\/en\/fete-de-la-musique-ko-shin-moons-concert\/#\/\"><img loading=\"lazy\" decoding=\"async\" class=\" wp-image-20579 alignleft\" src=\"https:\/\/af.ca\/ottawa\/wp-content\/uploads\/2023\/05\/Ko-Shin-Moon-visuel-insta-300x300.png\" alt=\"\" width=\"386\" height=\"386\" srcset=\"https:\/\/af.ca\/ottawa\/wp-content\/uploads\/2023\/05\/Ko-Shin-Moon-visuel-insta-300x300.png 300w, https:\/\/af.ca\/ottawa\/wp-content\/uploads\/2023\/05\/Ko-Shin-Moon-visuel-insta-1024x1024.png 1024w, https:\/\/af.ca\/ottawa\/wp-content\/uploads\/2023\/05\/Ko-Shin-Moon-visuel-insta-150x150.png 150w, https:\/\/af.ca\/ottawa\/wp-content\/uploads\/2023\/05\/Ko-Shin-Moon-visuel-insta-768x768.png 768w, https:\/\/af.ca\/ottawa\/wp-content\/uploads\/2023\/05\/Ko-Shin-Moon-visuel-insta-125x125.png 125w, https:\/\/af.ca\/ottawa\/wp-content\/uploads\/2023\/05\/Ko-Shin-Moon-visuel-insta.png 1080w\" sizes=\"auto, (max-width: 386px) 100vw, 386px\" \/><\/a><\/p>\n<p>&nbsp;<\/p>\n<h3>F\u00eate de la musique: Ko Shin Moon&#8217;s Concert<\/h3>\n<p>Immerse yourself in the psychedelic world of Ko Shin Moon to celebrate the F\u00eate de la musique and the beginning of summer!<\/p>\n<p>During an unforgettable one-hour concert, dance to the rhythm of the otherworldly hybrid melodies of the band born in 2017. At the crossroads between SynthFolk and space disco, come one and all to celebrate music in an electric atmosphere.<\/p>\n<p>Opening the evening, discover Jessy Lindsay, a Franco-Ontarian indie-pop singer who&#8217;s making waves in Ottawa.<\/p>\n<p>&nbsp;<\/p>\n<p>&nbsp;<\/p>\n<p>&nbsp;<\/p>\n<h3><\/h3>\n<p><a href=\"https:\/\/af.ca\/ottawa\/en\/20197-2\/#\/\"><img loading=\"lazy\" decoding=\"async\" class=\" wp-image-20449 alignleft\" src=\"https:\/\/af.ca\/ottawa\/wp-content\/uploads\/2023\/04\/affiche-the-ruffled-forest-232x300.png\" alt=\"\" width=\"390\" height=\"504\" srcset=\"https:\/\/af.ca\/ottawa\/wp-content\/uploads\/2023\/04\/affiche-the-ruffled-forest-232x300.png 232w, https:\/\/af.ca\/ottawa\/wp-content\/uploads\/2023\/04\/affiche-the-ruffled-forest-791x1024.png 791w, https:\/\/af.ca\/ottawa\/wp-content\/uploads\/2023\/04\/affiche-the-ruffled-forest-768x994.png 768w, https:\/\/af.ca\/ottawa\/wp-content\/uploads\/2023\/04\/affiche-the-ruffled-forest.png 1004w\" sizes=\"auto, (max-width: 390px) 100vw, 390px\" \/><\/a><\/p>\n<h3 style=\"text-align: left;\">All audiences play : The Ruffled Forest<\/h3>\n<p style=\"text-align: left;\">The Ruffled Forest is a play for young audiences created by the choreographers Christian and Fran\u00e7ois Ben A\u00efm.<\/p>\n<p style=\"text-align: left;\">This family show is inspired by the text La for\u00eat de Racine by M\u00e9lusine Thiry and depict with grace and softness the universe of childhood, the difficulty and the pleasure of growing up.<\/p>\n<p>&nbsp;<\/p>\n<p>&nbsp;<\/p>\n<p>&nbsp;<\/p>\n<p>&nbsp;<\/p>\n<p>&nbsp;<\/p>\n<p>&nbsp;<\/p>\n<p>&nbsp;<\/p>\n<p>&nbsp;<\/p>\n<p>&nbsp;<\/p>\n<p>&nbsp;<\/p>\n<p><a href=\"https:\/\/af.ca\/ottawa\/wp-content\/uploads\/2022\/09\/en-plein-dans-loeil.png\"><img loading=\"lazy\" decoding=\"async\" class=\" wp-image-18880 alignleft\" src=\"https:\/\/af.ca\/ottawa\/wp-content\/uploads\/2022\/09\/en-plein-dans-loeil-300x251.png\" alt=\"en plein dans l'oeil\" width=\"392\" height=\"328\" srcset=\"https:\/\/af.ca\/ottawa\/wp-content\/uploads\/2022\/09\/en-plein-dans-loeil-300x251.png 300w, https:\/\/af.ca\/ottawa\/wp-content\/uploads\/2022\/09\/en-plein-dans-loeil-768x644.png 768w, https:\/\/af.ca\/ottawa\/wp-content\/uploads\/2022\/09\/en-plein-dans-loeil.png 940w\" sizes=\"auto, (max-width: 392px) 100vw, 392px\" \/><\/a><\/p>\n<p>&nbsp;<\/p>\n<h3>Live movie concert: Right in the eye (&#8221;En plein dans l&#8217;\u0153il &#8221;)<\/h3>\n<p>\u201cRight in the Eye\u201d (\u201cEn plein dans l\u2019\u0153il\u201d) is a multimedia show composed of 12 films by Georges M\u00e9li\u00e8s, a pioneer of Cinema and wizard of special effects.<\/p>\n<p>This family show introduces the cinematographic universe of M\u00e9lies in a poetic and playful way while also being accessible to young audiences.<\/p>\n<p>&nbsp;<\/p>\n<p>&nbsp;<\/p>\n<p>&nbsp;<\/p>\n<p>&nbsp;<\/p>\n<p>&nbsp;<\/p>\n<p><a href=\"https:\/\/af.ca\/ottawa\/quatuor-elysee\/#\/\"><img loading=\"lazy\" decoding=\"async\" class=\"wp-image-18648 alignleft\" src=\"https:\/\/af.ca\/ottawa\/wp-content\/uploads\/2022\/08\/Quatuor-Elysee-in-Ottawa-300x251.png\" alt=\"\" width=\"392\" height=\"328\" srcset=\"https:\/\/af.ca\/ottawa\/wp-content\/uploads\/2022\/08\/Quatuor-Elysee-in-Ottawa-300x251.png 300w, https:\/\/af.ca\/ottawa\/wp-content\/uploads\/2022\/08\/Quatuor-Elysee-in-Ottawa-768x644.png 768w, https:\/\/af.ca\/ottawa\/wp-content\/uploads\/2022\/08\/Quatuor-Elysee-in-Ottawa.png 940w\" sizes=\"auto, (max-width: 392px) 100vw, 392px\" \/><\/a><\/p>\n<p>&nbsp;<\/p>\n<h3>Concert: \u00c9lys\u00e9e Quartet<\/h3>\n<p>The Alliance Fran\u00e7aise Ottawa is pleased to invite you to the \u00c9lys\u00e9e Quartet concert on Thursday, October 20th at 7:00 pm at St. Bartholomew&#8217;s Church, 125 Mackay Street, Ottawa, ON, K1M 2B4.<\/p>\n<p>&nbsp;<\/p>\n<p>&nbsp;<\/p>\n<p>&nbsp;<\/p>\n<p>&nbsp;<\/p>\n<p>&nbsp;<\/p>\n<p>&nbsp;<\/p>\n<p>&nbsp;<\/p>\n<p><a href=\"https:\/\/af.ca\/ottawa\/en\/trio-lorenzo-naccarrato\/#\/\"><img loading=\"lazy\" decoding=\"async\" class=\"wp-image-18651 alignleft\" src=\"https:\/\/af.ca\/ottawa\/wp-content\/uploads\/2022\/08\/Trio-300x251.png\" alt=\"\" width=\"406\" height=\"339\" srcset=\"https:\/\/af.ca\/ottawa\/wp-content\/uploads\/2022\/08\/Trio-300x251.png 300w, https:\/\/af.ca\/ottawa\/wp-content\/uploads\/2022\/08\/Trio-768x644.png 768w, https:\/\/af.ca\/ottawa\/wp-content\/uploads\/2022\/08\/Trio.png 940w\" sizes=\"auto, (max-width: 406px) 100vw, 406px\" \/><\/a><\/p>\n<p>&nbsp;<\/p>\n<h3>Concert : Trio Lorenzo Naccarato<\/h3>\n<p>Founded in 2012 at Franco-Italian pianist Lorenzo Naccarato\u2019s initiative, the trio presents a cinematic music inspired from the impressionist and minimalist repertoire (Maurice Ravel, Claude Debussy, Erik Satie), from current jazz (Robert Glasper, Christian Scott) and from repetitive music (Philip Glass, Steve Reich).<\/p>\n<section class=\"event-detail\" aria-labelledby=\"date-time-heading\">\n<div class=\"event-detail__content\">\n<div>\n<p data-testid=\"event-date\">Thursday, November 3rd, 2022, 7:00pm at the Club SAW, 67 Nicholas Street Ottawa, ON K1N 7B9<\/p>\n<\/div>\n<\/div>\n<\/section>\n<p>&nbsp;<\/p>\n<p>&nbsp;<\/p>\n","protected":false},"excerpt":{"rendered":"<p>EUROVISION Immerse yourself in a vibrant and musical atmosphere with a live broadcast of this iconic show. In addition to the screening, enjoy a delicious buffet included in the ticket price, take part in a memorable karaoke session, test your knowledge with an Eurovision-themed quiz to win prizes from participating embassies, and strike a pose&#8230;<\/p>\n<p><a class=\"button invert-primary\" href=\"https:\/\/af.ca\/ottawa\/en\/performing-arts\/\">Learn more<\/a><\/p>\n","protected":false},"author":3,"featured_media":0,"parent":0,"menu_order":143,"comment_status":"closed","ping_status":"closed","template":"","meta":{"_acf_changed":false,"om_disable_all_campaigns":false,"_monsterinsights_skip_tracking":false,"_monsterinsights_sitenote_active":false,"_monsterinsights_sitenote_note":"","_monsterinsights_sitenote_category":0,"footnotes":""},"class_list":["post-18455","page","type-page","status-publish","hentry"],"acf":[],"yoast_head":"<!-- This site is optimized with the Yoast SEO plugin v27.5 - https:\/\/yoast.com\/product\/yoast-seo-wordpress\/ -->\n<title>Performing arts - Alliance Fran\u00e7aise Ottawa<\/title>\n<meta name=\"robots\" content=\"index, follow, max-snippet:-1, max-image-preview:large, max-video-preview:-1\" \/>\n<link rel=\"canonical\" href=\"https:\/\/af.ca\/ottawa\/en\/performing-arts\/\" \/>\n<meta property=\"og:locale\" content=\"en_US\" \/>\n<meta property=\"og:type\" content=\"article\" \/>\n<meta property=\"og:title\" content=\"Performing arts - Alliance Fran\u00e7aise Ottawa\" \/>\n<meta property=\"og:description\" content=\"EUROVISION Immerse yourself in a vibrant and musical atmosphere with a live broadcast of this iconic show. In addition to the screening, enjoy a delicious buffet included in the ticket price, take part in a memorable karaoke session, test your knowledge with an Eurovision-themed quiz to win prizes from participating embassies, and strike a pose...Learn more\" \/>\n<meta property=\"og:url\" content=\"https:\/\/af.ca\/ottawa\/en\/performing-arts\/\" \/>\n<meta property=\"og:site_name\" content=\"Alliance Fran\u00e7aise Ottawa\" \/>\n<meta property=\"article:modified_time\" content=\"2025-04-28T15:33:21+00:00\" \/>\n<meta property=\"og:image\" content=\"https:\/\/af.ca\/ottawa\/wp-content\/uploads\/2025\/04\/FB.png\" \/>\n\t<meta property=\"og:image:width\" content=\"1080\" \/>\n\t<meta property=\"og:image:height\" content=\"1080\" \/>\n\t<meta property=\"og:image:type\" content=\"image\/png\" \/>\n<meta name=\"twitter:card\" content=\"summary_large_image\" \/>\n<meta name=\"twitter:label1\" content=\"Est. reading time\" \/>\n\t<meta name=\"twitter:data1\" content=\"7 minutes\" \/>\n<script type=\"application\/ld+json\" class=\"yoast-schema-graph\">{\"@context\":\"https:\\\/\\\/schema.org\",\"@graph\":[{\"@type\":\"WebPage\",\"@id\":\"https:\\\/\\\/af.ca\\\/ottawa\\\/en\\\/performing-arts\\\/\",\"url\":\"https:\\\/\\\/af.ca\\\/ottawa\\\/en\\\/performing-arts\\\/\",\"name\":\"Performing arts - Alliance Fran\u00e7aise Ottawa\",\"isPartOf\":{\"@id\":\"https:\\\/\\\/af.ca\\\/ottawa\\\/#website\"},\"primaryImageOfPage\":{\"@id\":\"https:\\\/\\\/af.ca\\\/ottawa\\\/en\\\/performing-arts\\\/#primaryimage\"},\"image\":{\"@id\":\"https:\\\/\\\/af.ca\\\/ottawa\\\/en\\\/performing-arts\\\/#primaryimage\"},\"thumbnailUrl\":\"https:\\\/\\\/af.ca\\\/ottawa\\\/wp-content\\\/uploads\\\/2025\\\/04\\\/FB-300x300.png\",\"datePublished\":\"2024-03-12T19:12:55+00:00\",\"dateModified\":\"2025-04-28T15:33:21+00:00\",\"breadcrumb\":{\"@id\":\"https:\\\/\\\/af.ca\\\/ottawa\\\/en\\\/performing-arts\\\/#breadcrumb\"},\"inLanguage\":\"en-US\",\"potentialAction\":[{\"@type\":\"ReadAction\",\"target\":[\"https:\\\/\\\/af.ca\\\/ottawa\\\/en\\\/performing-arts\\\/\"]}]},{\"@type\":\"ImageObject\",\"inLanguage\":\"en-US\",\"@id\":\"https:\\\/\\\/af.ca\\\/ottawa\\\/en\\\/performing-arts\\\/#primaryimage\",\"url\":\"https:\\\/\\\/af.ca\\\/ottawa\\\/wp-content\\\/uploads\\\/2025\\\/04\\\/FB-300x300.png\",\"contentUrl\":\"https:\\\/\\\/af.ca\\\/ottawa\\\/wp-content\\\/uploads\\\/2025\\\/04\\\/FB-300x300.png\"},{\"@type\":\"BreadcrumbList\",\"@id\":\"https:\\\/\\\/af.ca\\\/ottawa\\\/en\\\/performing-arts\\\/#breadcrumb\",\"itemListElement\":[{\"@type\":\"ListItem\",\"position\":1,\"name\":\"Home\",\"item\":\"https:\\\/\\\/af.ca\\\/ottawa\\\/en\\\/\"},{\"@type\":\"ListItem\",\"position\":2,\"name\":\"Performing arts\"}]},{\"@type\":\"WebSite\",\"@id\":\"https:\\\/\\\/af.ca\\\/ottawa\\\/#website\",\"url\":\"https:\\\/\\\/af.ca\\\/ottawa\\\/\",\"name\":\"Alliance Fran\u00e7aise Ottawa\",\"description\":\"French language school and cultural center\",\"potentialAction\":[{\"@type\":\"SearchAction\",\"target\":{\"@type\":\"EntryPoint\",\"urlTemplate\":\"https:\\\/\\\/af.ca\\\/ottawa\\\/?s={search_term_string}\"},\"query-input\":{\"@type\":\"PropertyValueSpecification\",\"valueRequired\":true,\"valueName\":\"search_term_string\"}}],\"inLanguage\":\"en-US\"}]}<\/script>\n<!-- \/ Yoast SEO plugin. -->","yoast_head_json":{"title":"Performing arts - Alliance Fran\u00e7aise Ottawa","robots":{"index":"index","follow":"follow","max-snippet":"max-snippet:-1","max-image-preview":"max-image-preview:large","max-video-preview":"max-video-preview:-1"},"canonical":"https:\/\/af.ca\/ottawa\/en\/performing-arts\/","og_locale":"en_US","og_type":"article","og_title":"Performing arts - Alliance Fran\u00e7aise Ottawa","og_description":"EUROVISION Immerse yourself in a vibrant and musical atmosphere with a live broadcast of this iconic show. In addition to the screening, enjoy a delicious buffet included in the ticket price, take part in a memorable karaoke session, test your knowledge with an Eurovision-themed quiz to win prizes from participating embassies, and strike a pose...Learn more","og_url":"https:\/\/af.ca\/ottawa\/en\/performing-arts\/","og_site_name":"Alliance Fran\u00e7aise Ottawa","article_modified_time":"2025-04-28T15:33:21+00:00","og_image":[{"width":1080,"height":1080,"url":"https:\/\/af.ca\/ottawa\/wp-content\/uploads\/2025\/04\/FB.png","type":"image\/png"}],"twitter_card":"summary_large_image","twitter_misc":{"Est. reading time":"7 minutes"},"schema":{"@context":"https:\/\/schema.org","@graph":[{"@type":"WebPage","@id":"https:\/\/af.ca\/ottawa\/en\/performing-arts\/","url":"https:\/\/af.ca\/ottawa\/en\/performing-arts\/","name":"Performing arts - Alliance Fran\u00e7aise Ottawa","isPartOf":{"@id":"https:\/\/af.ca\/ottawa\/#website"},"primaryImageOfPage":{"@id":"https:\/\/af.ca\/ottawa\/en\/performing-arts\/#primaryimage"},"image":{"@id":"https:\/\/af.ca\/ottawa\/en\/performing-arts\/#primaryimage"},"thumbnailUrl":"https:\/\/af.ca\/ottawa\/wp-content\/uploads\/2025\/04\/FB-300x300.png","datePublished":"2024-03-12T19:12:55+00:00","dateModified":"2025-04-28T15:33:21+00:00","breadcrumb":{"@id":"https:\/\/af.ca\/ottawa\/en\/performing-arts\/#breadcrumb"},"inLanguage":"en-US","potentialAction":[{"@type":"ReadAction","target":["https:\/\/af.ca\/ottawa\/en\/performing-arts\/"]}]},{"@type":"ImageObject","inLanguage":"en-US","@id":"https:\/\/af.ca\/ottawa\/en\/performing-arts\/#primaryimage","url":"https:\/\/af.ca\/ottawa\/wp-content\/uploads\/2025\/04\/FB-300x300.png","contentUrl":"https:\/\/af.ca\/ottawa\/wp-content\/uploads\/2025\/04\/FB-300x300.png"},{"@type":"BreadcrumbList","@id":"https:\/\/af.ca\/ottawa\/en\/performing-arts\/#breadcrumb","itemListElement":[{"@type":"ListItem","position":1,"name":"Home","item":"https:\/\/af.ca\/ottawa\/en\/"},{"@type":"ListItem","position":2,"name":"Performing arts"}]},{"@type":"WebSite","@id":"https:\/\/af.ca\/ottawa\/#website","url":"https:\/\/af.ca\/ottawa\/","name":"Alliance Fran\u00e7aise Ottawa","description":"French language school and cultural center","potentialAction":[{"@type":"SearchAction","target":{"@type":"EntryPoint","urlTemplate":"https:\/\/af.ca\/ottawa\/?s={search_term_string}"},"query-input":{"@type":"PropertyValueSpecification","valueRequired":true,"valueName":"search_term_string"}}],"inLanguage":"en-US"}]}},"blog_post_layout_featured_media_urls":{"thumbnail":"","full":""},"categories_names":null,"comments_number":"0","_links":{"self":[{"href":"https:\/\/af.ca\/ottawa\/en\/wp-json\/wp\/v2\/pages\/18455","targetHints":{"allow":["GET"]}}],"collection":[{"href":"https:\/\/af.ca\/ottawa\/en\/wp-json\/wp\/v2\/pages"}],"about":[{"href":"https:\/\/af.ca\/ottawa\/en\/wp-json\/wp\/v2\/types\/page"}],"author":[{"embeddable":true,"href":"https:\/\/af.ca\/ottawa\/en\/wp-json\/wp\/v2\/users\/3"}],"replies":[{"embeddable":true,"href":"https:\/\/af.ca\/ottawa\/en\/wp-json\/wp\/v2\/comments?post=18455"}],"version-history":[{"count":5,"href":"https:\/\/af.ca\/ottawa\/en\/wp-json\/wp\/v2\/pages\/18455\/revisions"}],"predecessor-version":[{"id":23686,"href":"https:\/\/af.ca\/ottawa\/en\/wp-json\/wp\/v2\/pages\/18455\/revisions\/23686"}],"wp:attachment":[{"href":"https:\/\/af.ca\/ottawa\/en\/wp-json\/wp\/v2\/media?parent=18455"}],"curies":[{"name":"wp","href":"https:\/\/api.w.org\/{rel}","templated":true}]}}