{"id":21606,"date":"2024-02-23T16:05:03","date_gmt":"2024-02-23T21:05:03","guid":{"rendered":"https:\/\/af.ca\/ottawa\/?page_id=21606"},"modified":"2024-02-23T16:35:37","modified_gmt":"2024-02-23T21:35:37","slug":"vice-consul-by-maud-andrieux","status":"publish","type":"page","link":"https:\/\/af.ca\/ottawa\/en\/vice-consul-by-maud-andrieux\/","title":{"rendered":"Le Vice-Consul by Maud Andrieux"},"content":{"rendered":"<p><a href=\"https:\/\/af.ca\/ottawa\/wp-content\/uploads\/2024\/02\/Banniere-Vice-consul.png\"><img loading=\"lazy\" decoding=\"async\" class=\"alignnone wp-image-21604\" src=\"https:\/\/af.ca\/ottawa\/wp-content\/uploads\/2024\/02\/Banniere-Vice-consul-300x157.png\" alt=\"\" width=\"642\" height=\"336\" srcset=\"https:\/\/af.ca\/ottawa\/wp-content\/uploads\/2024\/02\/Banniere-Vice-consul-300x157.png 300w, https:\/\/af.ca\/ottawa\/wp-content\/uploads\/2024\/02\/Banniere-Vice-consul-1024x536.png 1024w, https:\/\/af.ca\/ottawa\/wp-content\/uploads\/2024\/02\/Banniere-Vice-consul-768x402.png 768w, https:\/\/af.ca\/ottawa\/wp-content\/uploads\/2024\/02\/Banniere-Vice-consul.png 1200w\" sizes=\"auto, (max-width: 642px) 100vw, 642px\" \/><\/a><\/p>\n<p>&nbsp;<\/p>\n<p>The Alliances Fran\u00e7aises of Canada present : Le Vice-Consul, a play adapted from the novel by Marguerite Duras by Maud Andrieux (Compagnie du Barrage).<\/p>\n<p>India in the 1930s and French diplomacy. The Vice-Consul, far from home, on the other side of the world, in the midst of stench, misery and nameless horror, commits the irreparable to relieve other men. In Calcutta, awaiting a new posting, only Anne-Marie Stretter, the Ambassador&#8217;s wife, gets close to him. In the midst of general indifference, he&#8217;s perhaps the only one who&#8217;s still human. Le Vice-Consul embodies Duras&#8217;s view of the role of the writer as a whole, which is to express the unacceptable.<\/p>\n<p>Maud Andrieux is a Stage Director, Actress and Artistic Director of Th\u00e9\u00e2tre Marguerite Duras Itin\u00e9rant since 2014.<br \/>\nTrained at the Th\u00e9\u00e2tre des Ateliers d&#8217;Aix en Provence with Alain Simon, she entered the Conservatoire National de R\u00e9gion d&#8217;Art Dramatique de Bordeaux. Her choices then turned to directors involved in several contemporary creations. She adapts great playwrights for the stage, and her approach to directing favors an intimate relationship between text and audience.<\/p>\n<p>On her way back from her first trip to Vietnam in 2003, she came across the writing of Marguerite Duras, and was deeply moved by her literary work. Encouraged by her director Gilbert Tiberghien, she created the Compagnie du Barrage. Numerous performances followed in Paris, Trouville-sur-Mer for the annual Marguerite Duras Encounters, in France, then in Cambodia, Vietnam, Morocco, Turkey, Italy, Nepal, India and Canada as part of the R\u00e9seau Culturel Fran\u00e7ais \u00e0 l&#8217;\u00c9tranger.<\/p>\n<p>&nbsp;<\/p>\n<p><a href=\"https:\/\/af.ca\/ottawa\/en\/event-details\/?courseId=842#\/\"><img loading=\"lazy\" decoding=\"async\" class=\"alignnone wp-image-18677\" src=\"https:\/\/af.ca\/ottawa\/wp-content\/uploads\/2022\/08\/Bouton-site-internet-300x56.png\" alt=\"\" width=\"348\" height=\"65\" srcset=\"https:\/\/af.ca\/ottawa\/wp-content\/uploads\/2022\/08\/Bouton-site-internet-300x56.png 300w, https:\/\/af.ca\/ottawa\/wp-content\/uploads\/2022\/08\/Bouton-site-internet.png 762w\" sizes=\"auto, (max-width: 348px) 100vw, 348px\" \/><\/a><\/p>\n<p>&nbsp;<\/p>\n<p><a href=\"https:\/\/af.ca\/ottawa\/wp-content\/uploads\/2024\/02\/maud-presse.jpg\"><img loading=\"lazy\" decoding=\"async\" class=\"alignnone wp-image-21609\" src=\"https:\/\/af.ca\/ottawa\/wp-content\/uploads\/2024\/02\/maud-presse-300x272.jpg\" alt=\"\" width=\"428\" height=\"388\" srcset=\"https:\/\/af.ca\/ottawa\/wp-content\/uploads\/2024\/02\/maud-presse-300x272.jpg 300w, https:\/\/af.ca\/ottawa\/wp-content\/uploads\/2024\/02\/maud-presse.jpg 550w\" sizes=\"auto, (max-width: 428px) 100vw, 428px\" \/><\/a><\/p>\n<p>&nbsp;<\/p>\n<blockquote><p>&#8220;Subliminal, of course! Maud Andrieux&#8217;s adaptation of this allusive novel by Marguerite Duras is both a clarification and a tribute to a form. The staging is light, made to travel. It&#8217;s a theater of evocation, of suspension&#8230;&#8221;<\/p>\n<p><strong>Sud Ouest<\/strong><\/p>\n<p>&#8220;Set to haunting music and Fr\u00e9d\u00e9ric Paquet&#8217;s skilfully studied chiaroscuro backdrops, Maud Andrieux, Marguerite Duras&#8217;s sensual and sensible &#8220;interpreter&#8221;, sinks with great finesse and refined intelligence into the secret folds of M.D.&#8217;s psyche, exhaling its dark, intoxicating perfumes, anger and distress.&#8221;<\/p>\n<p><strong>Inferno<\/strong><\/p>\n<p>&#8220;Maud Andrieux, with her youth and adolescent beauty, succeeds in prolonging the time of the encounter, of the emotion generated by the text. Theater time. She interprets Duras&#8217; texts with a sincerity and accuracy that place her as close as possible to herself, her truth and her desire.&#8221;<\/p>\n<p><strong>Alain Vircondelet<\/strong><\/p><\/blockquote>\n<p>&nbsp;<\/p>\n<p><a href=\"https:\/\/www.youtube.com\/watch?v=AEeHDOc_o0w\"><img loading=\"lazy\" decoding=\"async\" class=\"alignnone wp-image-21607\" src=\"https:\/\/af.ca\/ottawa\/wp-content\/uploads\/2024\/02\/youtube-Vice-consul-300x167.png\" alt=\"\" width=\"626\" height=\"349\" srcset=\"https:\/\/af.ca\/ottawa\/wp-content\/uploads\/2024\/02\/youtube-Vice-consul-300x167.png 300w, https:\/\/af.ca\/ottawa\/wp-content\/uploads\/2024\/02\/youtube-Vice-consul-768x427.png 768w, https:\/\/af.ca\/ottawa\/wp-content\/uploads\/2024\/02\/youtube-Vice-consul.png 810w\" sizes=\"auto, (max-width: 626px) 100vw, 626px\" \/><\/a><\/p>\n<p>&nbsp;<\/p>\n<p>Our partners:<\/p>\n<p><a href=\"https:\/\/af.ca\/ottawa\/wp-content\/uploads\/2023\/04\/logo-Ambassade-Canada.png\"><img loading=\"lazy\" decoding=\"async\" class=\"alignnone size-medium wp-image-20460\" src=\"https:\/\/af.ca\/ottawa\/wp-content\/uploads\/2023\/04\/logo-Ambassade-Canada-300x208.png\" alt=\"\" width=\"300\" height=\"208\" srcset=\"https:\/\/af.ca\/ottawa\/wp-content\/uploads\/2023\/04\/logo-Ambassade-Canada-300x208.png 300w, https:\/\/af.ca\/ottawa\/wp-content\/uploads\/2023\/04\/logo-Ambassade-Canada-1024x711.png 1024w, https:\/\/af.ca\/ottawa\/wp-content\/uploads\/2023\/04\/logo-Ambassade-Canada-768x533.png 768w, https:\/\/af.ca\/ottawa\/wp-content\/uploads\/2023\/04\/logo-Ambassade-Canada-1536x1067.png 1536w, https:\/\/af.ca\/ottawa\/wp-content\/uploads\/2023\/04\/logo-Ambassade-Canada-2048x1423.png 2048w\" sizes=\"auto, (max-width: 300px) 100vw, 300px\" \/><\/a><a href=\"https:\/\/af.ca\/ottawa\/wp-content\/uploads\/2023\/04\/Fondation-DRG-logo_CMYK_2021.png\"><img loading=\"lazy\" decoding=\"async\" class=\"alignnone size-medium wp-image-20454\" src=\"https:\/\/af.ca\/ottawa\/wp-content\/uploads\/2023\/04\/Fondation-DRG-logo_CMYK_2021-300x71.png\" alt=\"\" width=\"300\" height=\"71\" srcset=\"https:\/\/af.ca\/ottawa\/wp-content\/uploads\/2023\/04\/Fondation-DRG-logo_CMYK_2021-300x71.png 300w, https:\/\/af.ca\/ottawa\/wp-content\/uploads\/2023\/04\/Fondation-DRG-logo_CMYK_2021-1024x241.png 1024w, https:\/\/af.ca\/ottawa\/wp-content\/uploads\/2023\/04\/Fondation-DRG-logo_CMYK_2021-768x181.png 768w, https:\/\/af.ca\/ottawa\/wp-content\/uploads\/2023\/04\/Fondation-DRG-logo_CMYK_2021-1536x362.png 1536w, https:\/\/af.ca\/ottawa\/wp-content\/uploads\/2023\/04\/Fondation-DRG-logo_CMYK_2021-2048x482.png 2048w\" sizes=\"auto, (max-width: 300px) 100vw, 300px\" \/><\/a><a href=\"https:\/\/af.ca\/ottawa\/wp-content\/uploads\/2023\/04\/fondation-force5-2.png\"><img loading=\"lazy\" decoding=\"async\" class=\"alignnone size-medium wp-image-20456\" src=\"https:\/\/af.ca\/ottawa\/wp-content\/uploads\/2023\/04\/fondation-force5-2-300x200.png\" alt=\"\" width=\"300\" height=\"200\" srcset=\"https:\/\/af.ca\/ottawa\/wp-content\/uploads\/2023\/04\/fondation-force5-2-300x200.png 300w, https:\/\/af.ca\/ottawa\/wp-content\/uploads\/2023\/04\/fondation-force5-2-1024x683.png 1024w, https:\/\/af.ca\/ottawa\/wp-content\/uploads\/2023\/04\/fondation-force5-2-768x512.png 768w, https:\/\/af.ca\/ottawa\/wp-content\/uploads\/2023\/04\/fondation-force5-2.png 1251w\" sizes=\"auto, (max-width: 300px) 100vw, 300px\" \/><\/a><a href=\"https:\/\/af.ca\/ottawa\/wp-content\/uploads\/2023\/04\/Logo-AFT-120e-vertical-01-rezized.png\"><img loading=\"lazy\" decoding=\"async\" class=\"alignnone size-medium wp-image-20458\" src=\"https:\/\/af.ca\/ottawa\/wp-content\/uploads\/2023\/04\/Logo-AFT-120e-vertical-01-rezized-271x300.png\" alt=\"\" width=\"271\" height=\"300\" srcset=\"https:\/\/af.ca\/ottawa\/wp-content\/uploads\/2023\/04\/Logo-AFT-120e-vertical-01-rezized-271x300.png 271w, https:\/\/af.ca\/ottawa\/wp-content\/uploads\/2023\/04\/Logo-AFT-120e-vertical-01-rezized.png 486w\" sizes=\"auto, (max-width: 271px) 100vw, 271px\" \/><\/a><a href=\"https:\/\/af.ca\/ottawa\/wp-content\/uploads\/2023\/04\/Logo-BMO-en-blanc.jpg\"><img loading=\"lazy\" decoding=\"async\" class=\"alignnone size-medium wp-image-20462\" src=\"https:\/\/af.ca\/ottawa\/wp-content\/uploads\/2023\/04\/Logo-BMO-en-blanc-300x150.jpg\" alt=\"\" width=\"300\" height=\"150\" srcset=\"https:\/\/af.ca\/ottawa\/wp-content\/uploads\/2023\/04\/Logo-BMO-en-blanc-300x150.jpg 300w, https:\/\/af.ca\/ottawa\/wp-content\/uploads\/2023\/04\/Logo-BMO-en-blanc-768x384.jpg 768w, https:\/\/af.ca\/ottawa\/wp-content\/uploads\/2023\/04\/Logo-BMO-en-blanc.jpg 900w\" sizes=\"auto, (max-width: 300px) 100vw, 300px\" \/><\/a><a href=\"https:\/\/af.ca\/ottawa\/wp-content\/uploads\/2023\/04\/PCC_Sponsor_FRA_Centre_2lignes_Couleur.png\"><img loading=\"lazy\" decoding=\"async\" class=\"alignnone size-medium wp-image-20464\" src=\"https:\/\/af.ca\/ottawa\/wp-content\/uploads\/2023\/04\/PCC_Sponsor_FRA_Centre_2lignes_Couleur-300x118.png\" alt=\"\" width=\"300\" height=\"118\" srcset=\"https:\/\/af.ca\/ottawa\/wp-content\/uploads\/2023\/04\/PCC_Sponsor_FRA_Centre_2lignes_Couleur-300x118.png 300w, https:\/\/af.ca\/ottawa\/wp-content\/uploads\/2023\/04\/PCC_Sponsor_FRA_Centre_2lignes_Couleur-1024x404.png 1024w, https:\/\/af.ca\/ottawa\/wp-content\/uploads\/2023\/04\/PCC_Sponsor_FRA_Centre_2lignes_Couleur-768x303.png 768w, https:\/\/af.ca\/ottawa\/wp-content\/uploads\/2023\/04\/PCC_Sponsor_FRA_Centre_2lignes_Couleur.png 1320w\" sizes=\"auto, (max-width: 300px) 100vw, 300px\" \/><\/a><\/p>\n","protected":false},"excerpt":{"rendered":"<p>&nbsp; The Alliances Fran\u00e7aises of Canada present : Le Vice-Consul, a play adapted from the novel by Marguerite Duras by Maud Andrieux (Compagnie du Barrage). India in the 1930s and French diplomacy. The Vice-Consul, far from home, on the other side of the world, in the midst of stench, misery and nameless horror, commits the&#8230;<\/p>\n<p><a class=\"button invert-primary\" href=\"https:\/\/af.ca\/ottawa\/en\/vice-consul-by-maud-andrieux\/\">Learn more<\/a><\/p>\n","protected":false},"author":3,"featured_media":0,"parent":0,"menu_order":55,"comment_status":"closed","ping_status":"closed","template":"","meta":{"_acf_changed":false,"om_disable_all_campaigns":false,"_monsterinsights_skip_tracking":false,"_monsterinsights_sitenote_active":false,"_monsterinsights_sitenote_note":"","_monsterinsights_sitenote_category":0,"footnotes":""},"class_list":["post-21606","page","type-page","status-publish","hentry"],"acf":[],"yoast_head":"<!-- This site is optimized with the Yoast SEO plugin v27.5 - https:\/\/yoast.com\/product\/yoast-seo-wordpress\/ -->\n<title>Le Vice-Consul by Maud Andrieux - Alliance Fran\u00e7aise Ottawa<\/title>\n<meta name=\"description\" content=\"The Alliances Fran\u00e7aise Ottawa present : Le Vice-Consul, a play adapted from the novel by Marguerite Duras by Maud Andrieux\" \/>\n<meta name=\"robots\" content=\"index, follow, max-snippet:-1, max-image-preview:large, max-video-preview:-1\" \/>\n<link rel=\"canonical\" href=\"https:\/\/af.ca\/ottawa\/en\/vice-consul-by-maud-andrieux\/\" \/>\n<meta property=\"og:locale\" content=\"en_US\" \/>\n<meta property=\"og:type\" content=\"article\" \/>\n<meta property=\"og:title\" content=\"Vice-Consul by Maud Andrieux\" \/>\n<meta property=\"og:description\" content=\"The Alliances Fran\u00e7aise Ottawa present : Le Vice-Consul, a play adapted from the novel by Marguerite Duras by Maud Andrieux\" \/>\n<meta property=\"og:url\" content=\"https:\/\/af.ca\/ottawa\/en\/vice-consul-by-maud-andrieux\/\" \/>\n<meta property=\"og:site_name\" content=\"Alliance Fran\u00e7aise Ottawa\" \/>\n<meta property=\"article:modified_time\" content=\"2024-02-23T21:35:37+00:00\" \/>\n<meta property=\"og:image\" content=\"https:\/\/af.ca\/ottawa\/wp-content\/uploads\/2024\/02\/Banniere-Vice-consul.png\" \/>\n\t<meta property=\"og:image:width\" content=\"1200\" \/>\n\t<meta property=\"og:image:height\" content=\"628\" \/>\n\t<meta property=\"og:image:type\" content=\"image\/png\" \/>\n<meta name=\"twitter:card\" content=\"summary_large_image\" \/>\n<meta name=\"twitter:label1\" content=\"Est. reading time\" \/>\n\t<meta name=\"twitter:data1\" content=\"4 minutes\" \/>\n<script type=\"application\/ld+json\" class=\"yoast-schema-graph\">{\"@context\":\"https:\\\/\\\/schema.org\",\"@graph\":[{\"@type\":\"WebPage\",\"@id\":\"https:\\\/\\\/af.ca\\\/ottawa\\\/en\\\/vice-consul-by-maud-andrieux\\\/\",\"url\":\"https:\\\/\\\/af.ca\\\/ottawa\\\/en\\\/vice-consul-by-maud-andrieux\\\/\",\"name\":\"Le Vice-Consul by Maud Andrieux - Alliance Fran\u00e7aise Ottawa\",\"isPartOf\":{\"@id\":\"https:\\\/\\\/af.ca\\\/ottawa\\\/#website\"},\"primaryImageOfPage\":{\"@id\":\"https:\\\/\\\/af.ca\\\/ottawa\\\/en\\\/vice-consul-by-maud-andrieux\\\/#primaryimage\"},\"image\":{\"@id\":\"https:\\\/\\\/af.ca\\\/ottawa\\\/en\\\/vice-consul-by-maud-andrieux\\\/#primaryimage\"},\"thumbnailUrl\":\"https:\\\/\\\/af.ca\\\/ottawa\\\/wp-content\\\/uploads\\\/2024\\\/02\\\/Banniere-Vice-consul-300x157.png\",\"datePublished\":\"2024-02-23T21:05:03+00:00\",\"dateModified\":\"2024-02-23T21:35:37+00:00\",\"description\":\"The Alliances Fran\u00e7aise Ottawa present : Le Vice-Consul, a play adapted from the novel by Marguerite Duras by Maud Andrieux\",\"breadcrumb\":{\"@id\":\"https:\\\/\\\/af.ca\\\/ottawa\\\/en\\\/vice-consul-by-maud-andrieux\\\/#breadcrumb\"},\"inLanguage\":\"en-US\",\"potentialAction\":[{\"@type\":\"ReadAction\",\"target\":[\"https:\\\/\\\/af.ca\\\/ottawa\\\/en\\\/vice-consul-by-maud-andrieux\\\/\"]}]},{\"@type\":\"ImageObject\",\"inLanguage\":\"en-US\",\"@id\":\"https:\\\/\\\/af.ca\\\/ottawa\\\/en\\\/vice-consul-by-maud-andrieux\\\/#primaryimage\",\"url\":\"https:\\\/\\\/af.ca\\\/ottawa\\\/wp-content\\\/uploads\\\/2024\\\/02\\\/Banniere-Vice-consul-300x157.png\",\"contentUrl\":\"https:\\\/\\\/af.ca\\\/ottawa\\\/wp-content\\\/uploads\\\/2024\\\/02\\\/Banniere-Vice-consul-300x157.png\"},{\"@type\":\"BreadcrumbList\",\"@id\":\"https:\\\/\\\/af.ca\\\/ottawa\\\/en\\\/vice-consul-by-maud-andrieux\\\/#breadcrumb\",\"itemListElement\":[{\"@type\":\"ListItem\",\"position\":1,\"name\":\"Home\",\"item\":\"https:\\\/\\\/af.ca\\\/ottawa\\\/en\\\/\"},{\"@type\":\"ListItem\",\"position\":2,\"name\":\"Le Vice-Consul by Maud Andrieux\"}]},{\"@type\":\"WebSite\",\"@id\":\"https:\\\/\\\/af.ca\\\/ottawa\\\/#website\",\"url\":\"https:\\\/\\\/af.ca\\\/ottawa\\\/\",\"name\":\"Alliance Fran\u00e7aise Ottawa\",\"description\":\"French language school and cultural center\",\"potentialAction\":[{\"@type\":\"SearchAction\",\"target\":{\"@type\":\"EntryPoint\",\"urlTemplate\":\"https:\\\/\\\/af.ca\\\/ottawa\\\/?s={search_term_string}\"},\"query-input\":{\"@type\":\"PropertyValueSpecification\",\"valueRequired\":true,\"valueName\":\"search_term_string\"}}],\"inLanguage\":\"en-US\"}]}<\/script>\n<!-- \/ Yoast SEO plugin. -->","yoast_head_json":{"title":"Le Vice-Consul by Maud Andrieux - Alliance Fran\u00e7aise Ottawa","description":"The Alliances Fran\u00e7aise Ottawa present : Le Vice-Consul, a play adapted from the novel by Marguerite Duras by Maud Andrieux","robots":{"index":"index","follow":"follow","max-snippet":"max-snippet:-1","max-image-preview":"max-image-preview:large","max-video-preview":"max-video-preview:-1"},"canonical":"https:\/\/af.ca\/ottawa\/en\/vice-consul-by-maud-andrieux\/","og_locale":"en_US","og_type":"article","og_title":"Vice-Consul by Maud Andrieux","og_description":"The Alliances Fran\u00e7aise Ottawa present : Le Vice-Consul, a play adapted from the novel by Marguerite Duras by Maud Andrieux","og_url":"https:\/\/af.ca\/ottawa\/en\/vice-consul-by-maud-andrieux\/","og_site_name":"Alliance Fran\u00e7aise Ottawa","article_modified_time":"2024-02-23T21:35:37+00:00","og_image":[{"width":1200,"height":628,"url":"https:\/\/af.ca\/ottawa\/wp-content\/uploads\/2024\/02\/Banniere-Vice-consul.png","type":"image\/png"}],"twitter_card":"summary_large_image","twitter_misc":{"Est. reading time":"4 minutes"},"schema":{"@context":"https:\/\/schema.org","@graph":[{"@type":"WebPage","@id":"https:\/\/af.ca\/ottawa\/en\/vice-consul-by-maud-andrieux\/","url":"https:\/\/af.ca\/ottawa\/en\/vice-consul-by-maud-andrieux\/","name":"Le Vice-Consul by Maud Andrieux - Alliance Fran\u00e7aise Ottawa","isPartOf":{"@id":"https:\/\/af.ca\/ottawa\/#website"},"primaryImageOfPage":{"@id":"https:\/\/af.ca\/ottawa\/en\/vice-consul-by-maud-andrieux\/#primaryimage"},"image":{"@id":"https:\/\/af.ca\/ottawa\/en\/vice-consul-by-maud-andrieux\/#primaryimage"},"thumbnailUrl":"https:\/\/af.ca\/ottawa\/wp-content\/uploads\/2024\/02\/Banniere-Vice-consul-300x157.png","datePublished":"2024-02-23T21:05:03+00:00","dateModified":"2024-02-23T21:35:37+00:00","description":"The Alliances Fran\u00e7aise Ottawa present : Le Vice-Consul, a play adapted from the novel by Marguerite Duras by Maud Andrieux","breadcrumb":{"@id":"https:\/\/af.ca\/ottawa\/en\/vice-consul-by-maud-andrieux\/#breadcrumb"},"inLanguage":"en-US","potentialAction":[{"@type":"ReadAction","target":["https:\/\/af.ca\/ottawa\/en\/vice-consul-by-maud-andrieux\/"]}]},{"@type":"ImageObject","inLanguage":"en-US","@id":"https:\/\/af.ca\/ottawa\/en\/vice-consul-by-maud-andrieux\/#primaryimage","url":"https:\/\/af.ca\/ottawa\/wp-content\/uploads\/2024\/02\/Banniere-Vice-consul-300x157.png","contentUrl":"https:\/\/af.ca\/ottawa\/wp-content\/uploads\/2024\/02\/Banniere-Vice-consul-300x157.png"},{"@type":"BreadcrumbList","@id":"https:\/\/af.ca\/ottawa\/en\/vice-consul-by-maud-andrieux\/#breadcrumb","itemListElement":[{"@type":"ListItem","position":1,"name":"Home","item":"https:\/\/af.ca\/ottawa\/en\/"},{"@type":"ListItem","position":2,"name":"Le Vice-Consul by Maud Andrieux"}]},{"@type":"WebSite","@id":"https:\/\/af.ca\/ottawa\/#website","url":"https:\/\/af.ca\/ottawa\/","name":"Alliance Fran\u00e7aise Ottawa","description":"French language school and cultural center","potentialAction":[{"@type":"SearchAction","target":{"@type":"EntryPoint","urlTemplate":"https:\/\/af.ca\/ottawa\/?s={search_term_string}"},"query-input":{"@type":"PropertyValueSpecification","valueRequired":true,"valueName":"search_term_string"}}],"inLanguage":"en-US"}]}},"blog_post_layout_featured_media_urls":{"thumbnail":"","full":""},"categories_names":null,"comments_number":"0","_links":{"self":[{"href":"https:\/\/af.ca\/ottawa\/en\/wp-json\/wp\/v2\/pages\/21606","targetHints":{"allow":["GET"]}}],"collection":[{"href":"https:\/\/af.ca\/ottawa\/en\/wp-json\/wp\/v2\/pages"}],"about":[{"href":"https:\/\/af.ca\/ottawa\/en\/wp-json\/wp\/v2\/types\/page"}],"author":[{"embeddable":true,"href":"https:\/\/af.ca\/ottawa\/en\/wp-json\/wp\/v2\/users\/3"}],"replies":[{"embeddable":true,"href":"https:\/\/af.ca\/ottawa\/en\/wp-json\/wp\/v2\/comments?post=21606"}],"version-history":[{"count":0,"href":"https:\/\/af.ca\/ottawa\/en\/wp-json\/wp\/v2\/pages\/21606\/revisions"}],"wp:attachment":[{"href":"https:\/\/af.ca\/ottawa\/en\/wp-json\/wp\/v2\/media?parent=21606"}],"curies":[{"name":"wp","href":"https:\/\/api.w.org\/{rel}","templated":true}]}}