{"id":23151,"date":"2024-12-17T10:09:06","date_gmt":"2024-12-17T15:09:06","guid":{"rendered":"https:\/\/af.ca\/ottawa\/?page_id=23151"},"modified":"2024-12-17T10:14:05","modified_gmt":"2024-12-17T15:14:05","slug":"maxime-zecchini-concert","status":"publish","type":"page","link":"https:\/\/af.ca\/ottawa\/en\/maxime-zecchini-concert\/","title":{"rendered":"Maxime Zecchini Concert"},"content":{"rendered":"<p><a href=\"https:\/\/af.ca\/ottawa\/wp-content\/uploads\/2024\/12\/Concert-Maxime-Zecchini-meetup-eventbrite-site-1.png\"><img loading=\"lazy\" decoding=\"async\" class=\"alignnone wp-image-23143\" src=\"https:\/\/af.ca\/ottawa\/wp-content\/uploads\/2024\/12\/Concert-Maxime-Zecchini-meetup-eventbrite-site-1-300x157.png\" alt=\"\" width=\"816\" height=\"427\" srcset=\"https:\/\/af.ca\/ottawa\/wp-content\/uploads\/2024\/12\/Concert-Maxime-Zecchini-meetup-eventbrite-site-1-300x157.png 300w, https:\/\/af.ca\/ottawa\/wp-content\/uploads\/2024\/12\/Concert-Maxime-Zecchini-meetup-eventbrite-site-1-1024x536.png 1024w, https:\/\/af.ca\/ottawa\/wp-content\/uploads\/2024\/12\/Concert-Maxime-Zecchini-meetup-eventbrite-site-1-768x402.png 768w, https:\/\/af.ca\/ottawa\/wp-content\/uploads\/2024\/12\/Concert-Maxime-Zecchini-meetup-eventbrite-site-1.png 1200w\" sizes=\"auto, (max-width: 816px) 100vw, 816px\" \/><\/a><\/p>\n<p>Alliance Fran\u00e7aise Ottawa is proud to announce the concert of French pianist Maxime Zecchini on Saturday January 18, 2025. Internationally acclaimed, Maxime Zecchini presents a varied repertoire that spans classical music to musical theater, performed solely with his left hand.<\/p>\n<p>Creating the illusion of a two-handed performance, he showcases the immense potential of the left hand, offering audiences a virtuoso, spectacular, and richly poetic experience. This exceptional technique requires such complete bodily synchronization and energy that it is as mesmerizing to watch as it is to hear.<\/p>\n<p>\ud83d\udccdMackay United Church, Ottawa-Canada<br \/>\n\ud83d\uddd3 Saturday, January 18, 2025<br \/>\n\ud83d\udd57 Doors opening 7pm<br \/>\n\ud83d\udcb2$30- 30% discount for AFO members<\/p>\n<p><a href=\"https:\/\/af.ca\/ottawa\/en\/event-details\/?eventId=1035#\/\"><img loading=\"lazy\" decoding=\"async\" class=\"alignnone wp-image-18677\" src=\"https:\/\/af.ca\/ottawa\/wp-content\/uploads\/2022\/08\/Bouton-site-internet-300x56.png\" sizes=\"auto, (max-width: 386px) 100vw, 386px\" srcset=\"https:\/\/af.ca\/ottawa\/wp-content\/uploads\/2022\/08\/Bouton-site-internet-300x56.png 300w, https:\/\/af.ca\/ottawa\/wp-content\/uploads\/2022\/08\/Bouton-site-internet.png 762w\" alt=\"\" width=\"386\" height=\"72\" \/><\/a><\/p>\n<p><strong>A high-caliber recital: French masterpieces and left-hand virtuosity<\/strong><\/p>\n<p>During this recital, Maxime Zecchini will perform iconic works of French music, inviting audiences on a musical journey alongside Gabriel Faur\u00e9 (<em>Apr\u00e8s un r\u00eave<\/em>, <em>Clair de Lune<\/em>), Camille Saint-Sa\u00ebns (<em>\u00c9tudes<\/em> opus 135), Charles-Valentin Alkan (<em>Grande Fantaisie<\/em> opus 76), Jules Massenet (<em>M\u00e9ditation de Tha\u00efs<\/em>), Maurice Ravel (transcription of the <em>Concerto for the Left Hand<\/em>), and Justin Hurwitz (<em>Suite<\/em> from the themes of <em>La La Land<\/em>). This program highlights not only the unique left-hand repertoire but also the pianist&#8217;s virtuosity and poetic depth.<\/p>\n<p><strong>An artist renowned worldwide<\/strong><\/p>\n<p>Maxime Zecchini is a pianist of international acclaim. After outstanding studies at the Conservatoire National Sup\u00e9rieur de Musique in Lyon, he joined the Conservatoire National Sup\u00e9rieur de Musique in Paris to further his training with Jean-Fran\u00e7ois Heisser. Zecchini then became the first French pianist to graduate from the prestigious \u201cIncontri col Maestro\u201d Academy in Imola, Italy. Inspired by the discovery of Maurice Ravel\u2019s <em>Concerto for the Left Hand<\/em>, Zecchini became fascinated with this singular repertoire and undertook an in-depth exploration of works dedicated to the left hand. This led to the recording of a monumental ten-volume anthology. His unique style has captivated concert halls around the world, from Italy to Japan, and in countries such as China, South Africa, and Australia. He will be on tour in Canada through the Alliance Fran\u00e7aise network, performing in Toronto, Ottawa, Montreal, Vancouver, Edmonton, Winnipeg, and Halifax.<\/p>\n<p>&nbsp;<\/p>\n<p><a href=\"https:\/\/af.ca\/ottawa\/wp-content\/uploads\/2024\/12\/photo-2-MZ-copyright-Lyodoh-Kaneko-scaled.jpg\"><img loading=\"lazy\" decoding=\"async\" class=\"alignnone wp-image-23139\" src=\"https:\/\/af.ca\/ottawa\/wp-content\/uploads\/2024\/12\/photo-2-MZ-copyright-Lyodoh-Kaneko-214x300.jpg\" alt=\"\" width=\"416\" height=\"584\" srcset=\"https:\/\/af.ca\/ottawa\/wp-content\/uploads\/2024\/12\/photo-2-MZ-copyright-Lyodoh-Kaneko-214x300.jpg 214w, https:\/\/af.ca\/ottawa\/wp-content\/uploads\/2024\/12\/photo-2-MZ-copyright-Lyodoh-Kaneko-731x1024.jpg 731w\" sizes=\"auto, (max-width: 416px) 100vw, 416px\" \/><\/a><\/p>\n<p><strong><em><u>REPERTOIRE FOR THE LEFT HAND, FROM CLASSICAL MUSIC TO MUSICALS:<\/u><\/em><\/strong><\/p>\n<p><strong>Alexandre Scriabine<\/strong>\u00a0: Pr\u00e9lude et Nocturne opus 9<\/p>\n<p><strong>Franz Liszt<\/strong>\u00a0: Valse d&#8217;Ad\u00e8le<\/p>\n<p><strong>Jules Massenet\u00a0<\/strong>: M\u00e9ditation de Tha\u00efs<\/p>\n<p><strong>Pierre Sancan<\/strong>\u00a0: Caprice Romantique<\/p>\n<p><strong>Maurice Ravel<\/strong>\u00a0: Concerto pour la main gauche<\/p>\n<p><strong>J\u00e9r\u00f4me Kern<\/strong>\u00a0: All the Things you are<\/p>\n<p><strong>Michel Legrand\u00a0<\/strong>: Yentl<\/p>\n<p><strong>John Williams<\/strong>\u00a0: Jurassic Park<\/p>\n<p><strong>Justin Hurwitz<\/strong>\u00a0: Suite sur La La land<\/p>\n<p>&#8211; Teaser Anthologie oeuvres pour la main gauche:<\/p>\n<p><a href=\"https:\/\/www.youtube.com\/watch?v=R305xxg2hl4\"><img loading=\"lazy\" decoding=\"async\" class=\"alignnone wp-image-23147\" src=\"https:\/\/af.ca\/ottawa\/wp-content\/uploads\/2024\/12\/Screenshot-2024-12-17-100016-300x169.png\" alt=\"\" width=\"580\" height=\"327\" srcset=\"https:\/\/af.ca\/ottawa\/wp-content\/uploads\/2024\/12\/Screenshot-2024-12-17-100016-300x169.png 300w, https:\/\/af.ca\/ottawa\/wp-content\/uploads\/2024\/12\/Screenshot-2024-12-17-100016-1024x577.png 1024w, https:\/\/af.ca\/ottawa\/wp-content\/uploads\/2024\/12\/Screenshot-2024-12-17-100016-768x433.png 768w, https:\/\/af.ca\/ottawa\/wp-content\/uploads\/2024\/12\/Screenshot-2024-12-17-100016.png 1252w\" sizes=\"auto, (max-width: 580px) 100vw, 580px\" \/><\/a><\/p>\n<p>-Pr\u00e9lude de Scriabine opus 9 n\u00b01 &#8211; France Musique:<\/p>\n<p><a href=\"https:\/\/www.youtube.com\/watch?v=oVDVaPBBNzM\"><img loading=\"lazy\" decoding=\"async\" class=\"alignnone wp-image-23145\" src=\"https:\/\/af.ca\/ottawa\/wp-content\/uploads\/2024\/12\/Screenshot-2024-12-17-100053-300x168.png\" alt=\"\" width=\"580\" height=\"325\" srcset=\"https:\/\/af.ca\/ottawa\/wp-content\/uploads\/2024\/12\/Screenshot-2024-12-17-100053-300x168.png 300w, https:\/\/af.ca\/ottawa\/wp-content\/uploads\/2024\/12\/Screenshot-2024-12-17-100053-1024x574.png 1024w, https:\/\/af.ca\/ottawa\/wp-content\/uploads\/2024\/12\/Screenshot-2024-12-17-100053-768x430.png 768w, https:\/\/af.ca\/ottawa\/wp-content\/uploads\/2024\/12\/Screenshot-2024-12-17-100053.png 1262w\" sizes=\"auto, (max-width: 580px) 100vw, 580px\" \/><\/a><\/p>\n","protected":false},"excerpt":{"rendered":"<p>Alliance Fran\u00e7aise Ottawa is proud to announce the concert of French pianist Maxime Zecchini on Saturday January 18, 2025. Internationally acclaimed, Maxime Zecchini presents a varied repertoire that spans classical music to musical theater, performed solely with his left hand. Creating the illusion of a two-handed performance, he showcases the immense potential of the left&#8230;<\/p>\n<p><a class=\"button invert-primary\" href=\"https:\/\/af.ca\/ottawa\/en\/maxime-zecchini-concert\/\">Learn more<\/a><\/p>\n","protected":false},"author":3,"featured_media":0,"parent":0,"menu_order":4,"comment_status":"closed","ping_status":"closed","template":"","meta":{"_acf_changed":false,"om_disable_all_campaigns":false,"_monsterinsights_skip_tracking":false,"_monsterinsights_sitenote_active":false,"_monsterinsights_sitenote_note":"","_monsterinsights_sitenote_category":0,"footnotes":""},"class_list":["post-23151","page","type-page","status-publish","hentry"],"acf":[],"yoast_head":"<!-- This site is optimized with the Yoast SEO plugin v27.5 - https:\/\/yoast.com\/product\/yoast-seo-wordpress\/ -->\n<title>Maxime Zecchini Concert - Alliance Fran\u00e7aise Ottawa<\/title>\n<meta name=\"robots\" content=\"index, follow, max-snippet:-1, max-image-preview:large, max-video-preview:-1\" \/>\n<link rel=\"canonical\" href=\"https:\/\/af.ca\/ottawa\/en\/maxime-zecchini-concert\/\" \/>\n<meta property=\"og:locale\" content=\"en_US\" \/>\n<meta property=\"og:type\" content=\"article\" \/>\n<meta property=\"og:title\" content=\"Maxime Zecchini Concert - Alliance Fran\u00e7aise Ottawa\" \/>\n<meta property=\"og:description\" content=\"Alliance Fran\u00e7aise Ottawa is proud to announce the concert of French pianist Maxime Zecchini on Saturday January 18, 2025. Internationally acclaimed, Maxime Zecchini presents a varied repertoire that spans classical music to musical theater, performed solely with his left hand. Creating the illusion of a two-handed performance, he showcases the immense potential of the left...Learn more\" \/>\n<meta property=\"og:url\" content=\"https:\/\/af.ca\/ottawa\/en\/maxime-zecchini-concert\/\" \/>\n<meta property=\"og:site_name\" content=\"Alliance Fran\u00e7aise Ottawa\" \/>\n<meta property=\"article:modified_time\" content=\"2024-12-17T15:14:05+00:00\" \/>\n<meta property=\"og:image\" content=\"https:\/\/af.ca\/ottawa\/wp-content\/uploads\/2024\/12\/Concert-Maxime-Zecchini-meetup-eventbrite-site-1.png\" \/>\n\t<meta property=\"og:image:width\" content=\"1200\" \/>\n\t<meta property=\"og:image:height\" content=\"628\" \/>\n\t<meta property=\"og:image:type\" content=\"image\/png\" \/>\n<meta name=\"twitter:card\" content=\"summary_large_image\" \/>\n<meta name=\"twitter:label1\" content=\"Est. reading time\" \/>\n\t<meta name=\"twitter:data1\" content=\"3 minutes\" \/>\n<script type=\"application\/ld+json\" class=\"yoast-schema-graph\">{\"@context\":\"https:\\\/\\\/schema.org\",\"@graph\":[{\"@type\":\"WebPage\",\"@id\":\"https:\\\/\\\/af.ca\\\/ottawa\\\/en\\\/maxime-zecchini-concert\\\/\",\"url\":\"https:\\\/\\\/af.ca\\\/ottawa\\\/en\\\/maxime-zecchini-concert\\\/\",\"name\":\"Maxime Zecchini Concert - Alliance Fran\u00e7aise Ottawa\",\"isPartOf\":{\"@id\":\"https:\\\/\\\/af.ca\\\/ottawa\\\/#website\"},\"primaryImageOfPage\":{\"@id\":\"https:\\\/\\\/af.ca\\\/ottawa\\\/en\\\/maxime-zecchini-concert\\\/#primaryimage\"},\"image\":{\"@id\":\"https:\\\/\\\/af.ca\\\/ottawa\\\/en\\\/maxime-zecchini-concert\\\/#primaryimage\"},\"thumbnailUrl\":\"https:\\\/\\\/af.ca\\\/ottawa\\\/wp-content\\\/uploads\\\/2024\\\/12\\\/Concert-Maxime-Zecchini-meetup-eventbrite-site-1-300x157.png\",\"datePublished\":\"2024-12-17T15:09:06+00:00\",\"dateModified\":\"2024-12-17T15:14:05+00:00\",\"breadcrumb\":{\"@id\":\"https:\\\/\\\/af.ca\\\/ottawa\\\/en\\\/maxime-zecchini-concert\\\/#breadcrumb\"},\"inLanguage\":\"en-US\",\"potentialAction\":[{\"@type\":\"ReadAction\",\"target\":[\"https:\\\/\\\/af.ca\\\/ottawa\\\/en\\\/maxime-zecchini-concert\\\/\"]}]},{\"@type\":\"ImageObject\",\"inLanguage\":\"en-US\",\"@id\":\"https:\\\/\\\/af.ca\\\/ottawa\\\/en\\\/maxime-zecchini-concert\\\/#primaryimage\",\"url\":\"https:\\\/\\\/af.ca\\\/ottawa\\\/wp-content\\\/uploads\\\/2024\\\/12\\\/Concert-Maxime-Zecchini-meetup-eventbrite-site-1-300x157.png\",\"contentUrl\":\"https:\\\/\\\/af.ca\\\/ottawa\\\/wp-content\\\/uploads\\\/2024\\\/12\\\/Concert-Maxime-Zecchini-meetup-eventbrite-site-1-300x157.png\"},{\"@type\":\"BreadcrumbList\",\"@id\":\"https:\\\/\\\/af.ca\\\/ottawa\\\/en\\\/maxime-zecchini-concert\\\/#breadcrumb\",\"itemListElement\":[{\"@type\":\"ListItem\",\"position\":1,\"name\":\"Home\",\"item\":\"https:\\\/\\\/af.ca\\\/ottawa\\\/en\\\/\"},{\"@type\":\"ListItem\",\"position\":2,\"name\":\"Maxime Zecchini Concert\"}]},{\"@type\":\"WebSite\",\"@id\":\"https:\\\/\\\/af.ca\\\/ottawa\\\/#website\",\"url\":\"https:\\\/\\\/af.ca\\\/ottawa\\\/\",\"name\":\"Alliance Fran\u00e7aise Ottawa\",\"description\":\"French language school and cultural center\",\"potentialAction\":[{\"@type\":\"SearchAction\",\"target\":{\"@type\":\"EntryPoint\",\"urlTemplate\":\"https:\\\/\\\/af.ca\\\/ottawa\\\/?s={search_term_string}\"},\"query-input\":{\"@type\":\"PropertyValueSpecification\",\"valueRequired\":true,\"valueName\":\"search_term_string\"}}],\"inLanguage\":\"en-US\"}]}<\/script>\n<!-- \/ Yoast SEO plugin. -->","yoast_head_json":{"title":"Maxime Zecchini Concert - Alliance Fran\u00e7aise Ottawa","robots":{"index":"index","follow":"follow","max-snippet":"max-snippet:-1","max-image-preview":"max-image-preview:large","max-video-preview":"max-video-preview:-1"},"canonical":"https:\/\/af.ca\/ottawa\/en\/maxime-zecchini-concert\/","og_locale":"en_US","og_type":"article","og_title":"Maxime Zecchini Concert - Alliance Fran\u00e7aise Ottawa","og_description":"Alliance Fran\u00e7aise Ottawa is proud to announce the concert of French pianist Maxime Zecchini on Saturday January 18, 2025. Internationally acclaimed, Maxime Zecchini presents a varied repertoire that spans classical music to musical theater, performed solely with his left hand. Creating the illusion of a two-handed performance, he showcases the immense potential of the left...Learn more","og_url":"https:\/\/af.ca\/ottawa\/en\/maxime-zecchini-concert\/","og_site_name":"Alliance Fran\u00e7aise Ottawa","article_modified_time":"2024-12-17T15:14:05+00:00","og_image":[{"width":1200,"height":628,"url":"https:\/\/af.ca\/ottawa\/wp-content\/uploads\/2024\/12\/Concert-Maxime-Zecchini-meetup-eventbrite-site-1.png","type":"image\/png"}],"twitter_card":"summary_large_image","twitter_misc":{"Est. reading time":"3 minutes"},"schema":{"@context":"https:\/\/schema.org","@graph":[{"@type":"WebPage","@id":"https:\/\/af.ca\/ottawa\/en\/maxime-zecchini-concert\/","url":"https:\/\/af.ca\/ottawa\/en\/maxime-zecchini-concert\/","name":"Maxime Zecchini Concert - Alliance Fran\u00e7aise Ottawa","isPartOf":{"@id":"https:\/\/af.ca\/ottawa\/#website"},"primaryImageOfPage":{"@id":"https:\/\/af.ca\/ottawa\/en\/maxime-zecchini-concert\/#primaryimage"},"image":{"@id":"https:\/\/af.ca\/ottawa\/en\/maxime-zecchini-concert\/#primaryimage"},"thumbnailUrl":"https:\/\/af.ca\/ottawa\/wp-content\/uploads\/2024\/12\/Concert-Maxime-Zecchini-meetup-eventbrite-site-1-300x157.png","datePublished":"2024-12-17T15:09:06+00:00","dateModified":"2024-12-17T15:14:05+00:00","breadcrumb":{"@id":"https:\/\/af.ca\/ottawa\/en\/maxime-zecchini-concert\/#breadcrumb"},"inLanguage":"en-US","potentialAction":[{"@type":"ReadAction","target":["https:\/\/af.ca\/ottawa\/en\/maxime-zecchini-concert\/"]}]},{"@type":"ImageObject","inLanguage":"en-US","@id":"https:\/\/af.ca\/ottawa\/en\/maxime-zecchini-concert\/#primaryimage","url":"https:\/\/af.ca\/ottawa\/wp-content\/uploads\/2024\/12\/Concert-Maxime-Zecchini-meetup-eventbrite-site-1-300x157.png","contentUrl":"https:\/\/af.ca\/ottawa\/wp-content\/uploads\/2024\/12\/Concert-Maxime-Zecchini-meetup-eventbrite-site-1-300x157.png"},{"@type":"BreadcrumbList","@id":"https:\/\/af.ca\/ottawa\/en\/maxime-zecchini-concert\/#breadcrumb","itemListElement":[{"@type":"ListItem","position":1,"name":"Home","item":"https:\/\/af.ca\/ottawa\/en\/"},{"@type":"ListItem","position":2,"name":"Maxime Zecchini Concert"}]},{"@type":"WebSite","@id":"https:\/\/af.ca\/ottawa\/#website","url":"https:\/\/af.ca\/ottawa\/","name":"Alliance Fran\u00e7aise Ottawa","description":"French language school and cultural center","potentialAction":[{"@type":"SearchAction","target":{"@type":"EntryPoint","urlTemplate":"https:\/\/af.ca\/ottawa\/?s={search_term_string}"},"query-input":{"@type":"PropertyValueSpecification","valueRequired":true,"valueName":"search_term_string"}}],"inLanguage":"en-US"}]}},"blog_post_layout_featured_media_urls":{"thumbnail":"","full":""},"categories_names":null,"comments_number":"0","_links":{"self":[{"href":"https:\/\/af.ca\/ottawa\/en\/wp-json\/wp\/v2\/pages\/23151","targetHints":{"allow":["GET"]}}],"collection":[{"href":"https:\/\/af.ca\/ottawa\/en\/wp-json\/wp\/v2\/pages"}],"about":[{"href":"https:\/\/af.ca\/ottawa\/en\/wp-json\/wp\/v2\/types\/page"}],"author":[{"embeddable":true,"href":"https:\/\/af.ca\/ottawa\/en\/wp-json\/wp\/v2\/users\/3"}],"replies":[{"embeddable":true,"href":"https:\/\/af.ca\/ottawa\/en\/wp-json\/wp\/v2\/comments?post=23151"}],"version-history":[{"count":1,"href":"https:\/\/af.ca\/ottawa\/en\/wp-json\/wp\/v2\/pages\/23151\/revisions"}],"predecessor-version":[{"id":23389,"href":"https:\/\/af.ca\/ottawa\/en\/wp-json\/wp\/v2\/pages\/23151\/revisions\/23389"}],"wp:attachment":[{"href":"https:\/\/af.ca\/ottawa\/en\/wp-json\/wp\/v2\/media?parent=23151"}],"curies":[{"name":"wp","href":"https:\/\/api.w.org\/{rel}","templated":true}]}}