{"id":24100,"date":"2025-08-06T11:05:04","date_gmt":"2025-08-06T15:05:04","guid":{"rendered":"https:\/\/af.ca\/ottawa\/?page_id=24100"},"modified":"2026-08-12T10:40:43","modified_gmt":"2026-08-12T14:40:43","slug":"bebealliance-2","status":"publish","type":"page","link":"https:\/\/af.ca\/ottawa\/en\/bebealliance-2\/","title":{"rendered":"B\u00e9b\u00e9s Alliance"},"content":{"rendered":"<p><a href=\"https:\/\/af.ca\/ottawa\/wp-content\/uploads\/2025\/08\/Promos-Branding-SPRING-1-2025-1.png\"><img loading=\"lazy\" decoding=\"async\" class=\"alignnone wp-image-24113 \" src=\"https:\/\/af.ca\/ottawa\/wp-content\/uploads\/2025\/08\/Promos-Branding-SPRING-1-2025-1-300x300.png\" alt=\"\" width=\"462\" height=\"462\" srcset=\"https:\/\/af.ca\/ottawa\/wp-content\/uploads\/2025\/08\/Promos-Branding-SPRING-1-2025-1-300x300.png 300w, https:\/\/af.ca\/ottawa\/wp-content\/uploads\/2025\/08\/Promos-Branding-SPRING-1-2025-1-1024x1024.png 1024w, https:\/\/af.ca\/ottawa\/wp-content\/uploads\/2025\/08\/Promos-Branding-SPRING-1-2025-1-150x150.png 150w, https:\/\/af.ca\/ottawa\/wp-content\/uploads\/2025\/08\/Promos-Branding-SPRING-1-2025-1-768x768.png 768w, https:\/\/af.ca\/ottawa\/wp-content\/uploads\/2025\/08\/Promos-Branding-SPRING-1-2025-1-125x125.png 125w, https:\/\/af.ca\/ottawa\/wp-content\/uploads\/2025\/08\/Promos-Branding-SPRING-1-2025-1.png 1080w\" sizes=\"auto, (max-width: 462px) 100vw, 462px\" \/><\/a><\/p>\n<p><span style=\"color: #ff0000;\"><a style=\"color: #ff0000;\" href=\"https:\/\/af.ca\/ottawa\/wp-content\/uploads\/2026\/07\/Calendrier-LEAVES-KIDS-2026.pdf\"><strong>LEAVES KIDS SESSION CALENDAR<\/strong><\/a><\/span><\/p>\n<p><span style=\"color: #ff0000;\"><strong>LEAVES 2026 session: From September 12 to December 3<\/strong><\/span><\/p>\n<p><strong>B\u00e9b\u00e9s Alliance<\/strong> is more than just a language class \u2014 it\u2019s a <strong>shared experience<\/strong> between parents and their little ones. The program is designed to spark early language awareness in young children while also giving English-speaking parents the tools to continue French exposure at home.<\/p>\n<p>In a playful and nurturing environment, each session becomes a moment of connection, where music, movement, laughter, and French words come together to create a joyful learning bubble.<\/p>\n<p>&nbsp;<\/p>\n<p><strong>Educational Highlights<\/strong><\/p>\n<table>\n<thead>\n<tr>\n<td><strong>For Children<\/strong><\/td>\n<td><strong>For Parents<\/strong><\/td>\n<\/tr>\n<\/thead>\n<tbody>\n<tr>\n<td>Early exposure to French sounds<\/td>\n<td>Gentle and natural language introduction<\/td>\n<\/tr>\n<tr>\n<td>Concrete, theme-based vocabulary<\/td>\n<td>Simple, reusable phrases for daily life<\/td>\n<\/tr>\n<tr>\n<td>Sensory and motor-based activities<\/td>\n<td>Integration of French into home routines<\/td>\n<\/tr>\n<tr>\n<td>Signed and sung nursery rhymes<\/td>\n<td>Visual supports + printable handouts with QR codes<\/td>\n<\/tr>\n<\/tbody>\n<\/table>\n<p>&nbsp;<\/p>\n<p><strong>Themes Covered<\/strong><\/p>\n<ul>\n<li>Colors<\/li>\n<li>Numbers<\/li>\n<li>Pets<\/li>\n<li>Farm animals<\/li>\n<li>Fruits<\/li>\n<li>Vegetables<\/li>\n<li>Body parts<\/li>\n<li>Clothing<\/li>\n<\/ul>\n<p>&nbsp;<\/p>\n<p><strong>What Happens During a Session?<\/strong><\/p>\n<p>Each 45-minute session blends games, songs, rhymes, movement, and interaction to encourage joyful language discovery.<br \/>\nAt the end of each session, parents receive a handout with:<\/p>\n<ul>\n<li>the vocabulary of the day,<\/li>\n<li>key phrases to practice,<\/li>\n<li>a link to a playlist with the songs learned together.<\/li>\n<\/ul>\n<p><strong>Practical Information: 2 sessions:<\/strong><\/p>\n<ul>\n<li><strong>Duration:<\/strong> 6 sessions, 45 minutes each<\/li>\n<li>From July 22 to August 26, 2026 (Wednesdays)<\/li>\n<li>\u23f0 4:30 pm \u2013 5:15 pm<\/li>\n<li>\ud83d\udd52 Total duration: 4.5 hours<\/li>\n<li>\ud83d\udcb290$<\/li>\n<\/ul>\n<p><span style=\"color: #ff0000;\"><strong>Drop-in for one session or more sessions depending on your availability !<\/strong><\/span><\/p>\n<p>If spots are still available, you can register your child up to 15 minutes before the start of the class.<\/p>\n<p>Before that, you must:<\/p>\n<ol>\n<li>Create an account for your child <a id=\"menur174\" class=\"fui-Link ___1q1shib f2hkw1w f3rmtva f1ewtqcl fyind8e f1k6fduh f1w7gpdv fk6fouc fjoy568 figsok6 f1s184ao f1mk8lai fnbmjn9 f1o700av f13mvf36 f1cmlufx f9n3di6 f1ids18y f1tx3yz7 f1deo86v f1eh06m1 f1iescvh fhgqx19 f1olyrje f1p93eir f1nev41a f1h8hb77 f1lqvz6u f10aw75t fsle3fq f17ae5zn\" title=\"https:\/\/af.ca\/ottawa\/en\/account-login-form-2\/#\/\" href=\"https:\/\/af.ca\/ottawa\/en\/account-login-form-2\/#\/\" target=\"_blank\" rel=\"noreferrer noopener\" aria-label=\"Link Account Login Form - Alliance Fran\u00e7aise Ottawa\">Account Login Form &#8211; Alliance Fran\u00e7aise Ottawa<\/a>.<\/li>\n<li>Send an email to: <a id=\"menur176\" class=\"fui-Link ___1q1shib f2hkw1w f3rmtva f1ewtqcl fyind8e f1k6fduh f1w7gpdv fk6fouc fjoy568 figsok6 f1s184ao f1mk8lai fnbmjn9 f1o700av f13mvf36 f1cmlufx f9n3di6 f1ids18y f1tx3yz7 f1deo86v f1eh06m1 f1iescvh fhgqx19 f1olyrje f1p93eir f1nev41a f1h8hb77 f1lqvz6u f10aw75t fsle3fq f17ae5zn\" title=\"mailto:kids@af.ca\" href=\"mailto:kids@af.ca\" target=\"_blank\" rel=\"noreferrer noopener\" aria-label=\"Link kids@af.ca\">kids@af.ca<\/a> with:\n<ul>\n<li>Subject: <code>B\u00e9b\u00e9s Alliance Drop-in<\/code><\/li>\n<li>In the message:\n<ul>\n<li>the date of the session you would like to attend<\/li>\n<li>your child\u2019s first and last name<\/li>\n<li>the first name, last name, and phone number of the accompanying adult.<\/li>\n<\/ul>\n<\/li>\n<\/ul>\n<\/li>\n<\/ol>\n<p><span data-teams=\"true\"><strong>Family rate<\/strong>: If you would like to register two or more children, the first registration will be at the regular price of<strong> 15$<\/strong> and any additional siblings will receive a 50% discount.<\/span><\/p>\n<p>Registration is open until 24 hours in advance.<\/p>\n<p>&nbsp;<\/p>\n<p><strong>Two parents can attend!<\/strong><br \/>\nOne child may be accompanied by both parents. A <strong>$5 fee applies<\/strong> for the second parent to ensure group balance and comfort.<\/p>\n","protected":false},"excerpt":{"rendered":"<p>LEAVES KIDS SESSION CALENDAR LEAVES 2026 session: From September 12 to December 3 B\u00e9b\u00e9s Alliance is more than just a language class \u2014 it\u2019s a shared experience between parents and their little ones. The program is designed to spark early language awareness in young children while also giving English-speaking parents the tools to continue French&#8230;<\/p>\n<p><a class=\"button invert-primary\" href=\"https:\/\/af.ca\/ottawa\/en\/bebealliance-2\/\">Learn more<\/a><\/p>\n","protected":false},"author":3,"featured_media":0,"parent":0,"menu_order":22,"comment_status":"closed","ping_status":"closed","template":"templates\/cours.php","meta":{"_acf_changed":false,"om_disable_all_campaigns":false,"_monsterinsights_skip_tracking":false,"footnotes":""},"class_list":["post-24100","page","type-page","status-publish","hentry"],"acf":[],"yoast_head":"<!-- This site is optimized with the Yoast SEO plugin v28.3 - https:\/\/yoast.com\/product\/yoast-seo-wordpress\/ -->\n<title>B\u00e9b\u00e9s Alliance - Alliance Fran\u00e7aise Ottawa<\/title>\n<meta name=\"description\" content=\"Strengthen your speaking skills or enhance your communication in complex professional situations with our Professional English workshops\" \/>\n<meta name=\"robots\" content=\"index, follow, max-snippet:-1, max-image-preview:large, max-video-preview:-1\" \/>\n<link rel=\"canonical\" href=\"https:\/\/af.ca\/ottawa\/en\/bebealliance-2\/\" \/>\n<meta property=\"og:locale\" content=\"en_US\" \/>\n<meta property=\"og:type\" content=\"article\" \/>\n<meta property=\"og:title\" content=\"Professional English workshops\" \/>\n<meta property=\"og:description\" content=\"Strengthen your speaking skills or enhance your communication in complex professional situations with our Professional English workshops\" \/>\n<meta property=\"og:url\" content=\"https:\/\/af.ca\/ottawa\/en\/bebealliance-2\/\" \/>\n<meta property=\"og:site_name\" content=\"Alliance Fran\u00e7aise Ottawa\" \/>\n<meta property=\"article:modified_time\" content=\"2026-08-12T14:40:43+00:00\" \/>\n<meta property=\"og:image\" content=\"https:\/\/af.ca\/ottawa\/wp-content\/uploads\/2024\/07\/fgjhepee-1024x576.png\" \/>\n\t<meta property=\"og:image:width\" content=\"1024\" \/>\n\t<meta property=\"og:image:height\" content=\"576\" \/>\n\t<meta property=\"og:image:type\" content=\"image\/png\" \/>\n<meta name=\"twitter:card\" content=\"summary_large_image\" \/>\n<meta name=\"twitter:label1\" content=\"Est. reading time\" \/>\n\t<meta name=\"twitter:data1\" content=\"2 minutes\" \/>\n<script type=\"application\/ld+json\" class=\"yoast-schema-graph\">{\"@context\":\"https:\\\/\\\/schema.org\",\"@graph\":[{\"@type\":\"WebPage\",\"@id\":\"https:\\\/\\\/af.ca\\\/ottawa\\\/en\\\/bebealliance-2\\\/\",\"url\":\"https:\\\/\\\/af.ca\\\/ottawa\\\/en\\\/bebealliance-2\\\/\",\"name\":\"B\u00e9b\u00e9s Alliance - Alliance Fran\u00e7aise Ottawa\",\"isPartOf\":{\"@id\":\"https:\\\/\\\/af.ca\\\/ottawa\\\/#website\"},\"primaryImageOfPage\":{\"@id\":\"https:\\\/\\\/af.ca\\\/ottawa\\\/en\\\/bebealliance-2\\\/#primaryimage\"},\"image\":{\"@id\":\"https:\\\/\\\/af.ca\\\/ottawa\\\/en\\\/bebealliance-2\\\/#primaryimage\"},\"thumbnailUrl\":\"https:\\\/\\\/af.ca\\\/ottawa\\\/wp-content\\\/uploads\\\/2025\\\/08\\\/Promos-Branding-SPRING-1-2025-1-300x300.png\",\"datePublished\":\"2025-08-06T15:05:04+00:00\",\"dateModified\":\"2026-08-12T14:40:43+00:00\",\"description\":\"Strengthen your speaking skills or enhance your communication in complex professional situations with our Professional English workshops\",\"breadcrumb\":{\"@id\":\"https:\\\/\\\/af.ca\\\/ottawa\\\/en\\\/bebealliance-2\\\/#breadcrumb\"},\"inLanguage\":\"en-US\",\"potentialAction\":[{\"@type\":\"ReadAction\",\"target\":[\"https:\\\/\\\/af.ca\\\/ottawa\\\/en\\\/bebealliance-2\\\/\"]}]},{\"@type\":\"ImageObject\",\"inLanguage\":\"en-US\",\"@id\":\"https:\\\/\\\/af.ca\\\/ottawa\\\/en\\\/bebealliance-2\\\/#primaryimage\",\"url\":\"https:\\\/\\\/af.ca\\\/ottawa\\\/wp-content\\\/uploads\\\/2025\\\/08\\\/Promos-Branding-SPRING-1-2025-1-300x300.png\",\"contentUrl\":\"https:\\\/\\\/af.ca\\\/ottawa\\\/wp-content\\\/uploads\\\/2025\\\/08\\\/Promos-Branding-SPRING-1-2025-1-300x300.png\"},{\"@type\":\"BreadcrumbList\",\"@id\":\"https:\\\/\\\/af.ca\\\/ottawa\\\/en\\\/bebealliance-2\\\/#breadcrumb\",\"itemListElement\":[{\"@type\":\"ListItem\",\"position\":1,\"name\":\"Home\",\"item\":\"https:\\\/\\\/af.ca\\\/ottawa\\\/en\\\/\"},{\"@type\":\"ListItem\",\"position\":2,\"name\":\"B\u00e9b\u00e9s Alliance\"}]},{\"@type\":\"WebSite\",\"@id\":\"https:\\\/\\\/af.ca\\\/ottawa\\\/#website\",\"url\":\"https:\\\/\\\/af.ca\\\/ottawa\\\/\",\"name\":\"Alliance Fran\u00e7aise Ottawa\",\"description\":\"French language school and cultural center\",\"potentialAction\":[{\"@type\":\"SearchAction\",\"target\":{\"@type\":\"EntryPoint\",\"urlTemplate\":\"https:\\\/\\\/af.ca\\\/ottawa\\\/?s={search_term_string}\"},\"query-input\":{\"@type\":\"PropertyValueSpecification\",\"valueRequired\":true,\"valueName\":\"search_term_string\"}}],\"inLanguage\":\"en-US\"}]}<\/script>\n<!-- \/ Yoast SEO plugin. -->","yoast_head_json":{"title":"B\u00e9b\u00e9s Alliance - Alliance Fran\u00e7aise Ottawa","description":"Strengthen your speaking skills or enhance your communication in complex professional situations with our Professional English workshops","robots":{"index":"index","follow":"follow","max-snippet":"max-snippet:-1","max-image-preview":"max-image-preview:large","max-video-preview":"max-video-preview:-1"},"canonical":"https:\/\/af.ca\/ottawa\/en\/bebealliance-2\/","og_locale":"en_US","og_type":"article","og_title":"Professional English workshops","og_description":"Strengthen your speaking skills or enhance your communication in complex professional situations with our Professional English workshops","og_url":"https:\/\/af.ca\/ottawa\/en\/bebealliance-2\/","og_site_name":"Alliance Fran\u00e7aise Ottawa","article_modified_time":"2026-08-12T14:40:43+00:00","og_image":[{"width":1024,"height":576,"url":"https:\/\/af.ca\/ottawa\/wp-content\/uploads\/2024\/07\/fgjhepee-1024x576.png","type":"image\/png"}],"twitter_card":"summary_large_image","twitter_misc":{"Est. reading time":"2 minutes"},"schema":{"@context":"https:\/\/schema.org","@graph":[{"@type":"WebPage","@id":"https:\/\/af.ca\/ottawa\/en\/bebealliance-2\/","url":"https:\/\/af.ca\/ottawa\/en\/bebealliance-2\/","name":"B\u00e9b\u00e9s Alliance - Alliance Fran\u00e7aise Ottawa","isPartOf":{"@id":"https:\/\/af.ca\/ottawa\/#website"},"primaryImageOfPage":{"@id":"https:\/\/af.ca\/ottawa\/en\/bebealliance-2\/#primaryimage"},"image":{"@id":"https:\/\/af.ca\/ottawa\/en\/bebealliance-2\/#primaryimage"},"thumbnailUrl":"https:\/\/af.ca\/ottawa\/wp-content\/uploads\/2025\/08\/Promos-Branding-SPRING-1-2025-1-300x300.png","datePublished":"2025-08-06T15:05:04+00:00","dateModified":"2026-08-12T14:40:43+00:00","description":"Strengthen your speaking skills or enhance your communication in complex professional situations with our Professional English workshops","breadcrumb":{"@id":"https:\/\/af.ca\/ottawa\/en\/bebealliance-2\/#breadcrumb"},"inLanguage":"en-US","potentialAction":[{"@type":"ReadAction","target":["https:\/\/af.ca\/ottawa\/en\/bebealliance-2\/"]}]},{"@type":"ImageObject","inLanguage":"en-US","@id":"https:\/\/af.ca\/ottawa\/en\/bebealliance-2\/#primaryimage","url":"https:\/\/af.ca\/ottawa\/wp-content\/uploads\/2025\/08\/Promos-Branding-SPRING-1-2025-1-300x300.png","contentUrl":"https:\/\/af.ca\/ottawa\/wp-content\/uploads\/2025\/08\/Promos-Branding-SPRING-1-2025-1-300x300.png"},{"@type":"BreadcrumbList","@id":"https:\/\/af.ca\/ottawa\/en\/bebealliance-2\/#breadcrumb","itemListElement":[{"@type":"ListItem","position":1,"name":"Home","item":"https:\/\/af.ca\/ottawa\/en\/"},{"@type":"ListItem","position":2,"name":"B\u00e9b\u00e9s Alliance"}]},{"@type":"WebSite","@id":"https:\/\/af.ca\/ottawa\/#website","url":"https:\/\/af.ca\/ottawa\/","name":"Alliance Fran\u00e7aise Ottawa","description":"French language school and cultural center","potentialAction":[{"@type":"SearchAction","target":{"@type":"EntryPoint","urlTemplate":"https:\/\/af.ca\/ottawa\/?s={search_term_string}"},"query-input":{"@type":"PropertyValueSpecification","valueRequired":true,"valueName":"search_term_string"}}],"inLanguage":"en-US"}]}},"blog_post_layout_featured_media_urls":{"thumbnail":"","full":""},"categories_names":null,"comments_number":"0","_links":{"self":[{"href":"https:\/\/af.ca\/ottawa\/en\/wp-json\/wp\/v2\/pages\/24100","targetHints":{"allow":["GET"]}}],"collection":[{"href":"https:\/\/af.ca\/ottawa\/en\/wp-json\/wp\/v2\/pages"}],"about":[{"href":"https:\/\/af.ca\/ottawa\/en\/wp-json\/wp\/v2\/types\/page"}],"author":[{"embeddable":true,"href":"https:\/\/af.ca\/ottawa\/en\/wp-json\/wp\/v2\/users\/3"}],"replies":[{"embeddable":true,"href":"https:\/\/af.ca\/ottawa\/en\/wp-json\/wp\/v2\/comments?post=24100"}],"version-history":[{"count":5,"href":"https:\/\/af.ca\/ottawa\/en\/wp-json\/wp\/v2\/pages\/24100\/revisions"}],"predecessor-version":[{"id":25914,"href":"https:\/\/af.ca\/ottawa\/en\/wp-json\/wp\/v2\/pages\/24100\/revisions\/25914"}],"wp:attachment":[{"href":"https:\/\/af.ca\/ottawa\/en\/wp-json\/wp\/v2\/media?parent=24100"}],"curies":[{"name":"wp","href":"https:\/\/api.w.org\/{rel}","templated":true}]}}