{"id":21247,"date":"2023-10-19T16:36:02","date_gmt":"2023-10-19T20:36:02","guid":{"rendered":"https:\/\/af.ca\/ottawa\/?page_id=21247"},"modified":"2024-04-29T16:31:53","modified_gmt":"2024-04-29T20:31:53","slug":"evaluation-linguistique-orale-non-officielle-fonction-publique","status":"publish","type":"page","link":"https:\/\/af.ca\/ottawa\/evaluation-linguistique-orale-non-officielle-fonction-publique\/","title":{"rendered":"\u00c9valuation linguistique \u00e0 l&rsquo;oral (\u00c9LO) non officielle fonction publique"},"content":{"rendered":"<p><b><span data-contrast=\"auto\">\u00c9valuez vos comp\u00e9tences orales en Fran\u00e7ais Langue Seconde.<\/span><\/b><span data-ccp-props=\"{&quot;201341983&quot;:0,&quot;335551550&quot;:6,&quot;335551620&quot;:6,&quot;335559739&quot;:160,&quot;335559740&quot;:259}\">\u00a0<\/span><\/p>\n<p><a href=\"https:\/\/af.ca\/ottawa\/wp-content\/uploads\/2023\/10\/pexels-ketut-subiyanto-4126712-scaled.jpg\"><img loading=\"lazy\" decoding=\"async\" class=\"wp-image-21248 alignleft\" src=\"https:\/\/af.ca\/ottawa\/wp-content\/uploads\/2023\/10\/pexels-ketut-subiyanto-4126712-300x200.jpg\" alt=\"\" width=\"330\" height=\"220\" srcset=\"https:\/\/af.ca\/ottawa\/wp-content\/uploads\/2023\/10\/pexels-ketut-subiyanto-4126712-300x200.jpg 300w, https:\/\/af.ca\/ottawa\/wp-content\/uploads\/2023\/10\/pexels-ketut-subiyanto-4126712-1024x683.jpg 1024w, https:\/\/af.ca\/ottawa\/wp-content\/uploads\/2023\/10\/pexels-ketut-subiyanto-4126712-768x512.jpg 768w, https:\/\/af.ca\/ottawa\/wp-content\/uploads\/2023\/10\/pexels-ketut-subiyanto-4126712-1536x1024.jpg 1536w, https:\/\/af.ca\/ottawa\/wp-content\/uploads\/2023\/10\/pexels-ketut-subiyanto-4126712-2048x1365.jpg 2048w\" sizes=\"auto, (max-width: 330px) 100vw, 330px\" \/><\/a><\/p>\n<p><span data-contrast=\"auto\">Que vous soyez membre d&rsquo;un comit\u00e9 de recrutement de la fonction publique canadienne ou un employ\u00e9 f\u00e9d\u00e9ral d\u00e9sireux d&rsquo;\u00e9valuer votre propre niveau de comp\u00e9tence en fran\u00e7ais, l&rsquo;Alliance Fran\u00e7aise Ottawa a la solution id\u00e9ale.<\/span><span data-ccp-props=\"{&quot;201341983&quot;:0,&quot;335551550&quot;:6,&quot;335551620&quot;:6,&quot;335559739&quot;:160,&quot;335559740&quot;:259}\">\u00a0<\/span><\/p>\n<p><span data-contrast=\"auto\">Nous vous proposons une \u00e9valuation linguistique orale sp\u00e9cialement con\u00e7ue pour correspondre au format et aux crit\u00e8res du test officiel de la Commission de la fonction publique. Notre test vous permettra d&rsquo;\u00e9valuer pr\u00e9cis\u00e9ment votre niveau de comp\u00e9tence linguistique.<\/span><span data-ccp-props=\"{&quot;201341983&quot;:0,&quot;335551550&quot;:6,&quot;335551620&quot;:6,&quot;335559739&quot;:160,&quot;335559740&quot;:259}\">\u00a0<\/span><\/p>\n<p><span data-contrast=\"auto\">Pour CA$75, nous vous garantissons une r\u00e9troaction d\u00e9taill\u00e9e bas\u00e9e sur les crit\u00e8res \u00e9valu\u00e9s par la Commission de la fonction publique, notamment l&rsquo;aisance et l&rsquo;\u00e9laboration, l&rsquo;\u00e9tendue et la ma\u00eetrise de la grammaire, l&rsquo;\u00e9tendue et la pr\u00e9cision du vocabulaire, la prononciation et la compr\u00e9hension.<\/span><span data-ccp-props=\"{&quot;201341983&quot;:0,&quot;335551550&quot;:6,&quot;335551620&quot;:6,&quot;335559739&quot;:160,&quot;335559740&quot;:259}\">\u00a0<\/span><\/p>\n<p><span data-contrast=\"auto\">De plus, nous vous \u00e9valuerons en fonction des descripteurs des normes europ\u00e9ennes, vous offrant ainsi une r\u00e9troaction pr\u00e9cise, objective et constructive.<\/span><span data-ccp-props=\"{&quot;201341983&quot;:0,&quot;335551550&quot;:6,&quot;335551620&quot;:6,&quot;335559739&quot;:160,&quot;335559740&quot;:259}\">\u00a0<\/span><\/p>\n<p><span data-contrast=\"auto\">Ne laissez aucun doute subsister quant \u00e0 vos comp\u00e9tences linguistiques. Optez pour notre test oral et b\u00e9n\u00e9ficiez d&rsquo;une \u00e9valuation compl\u00e8te et fiable, tout en vous pr\u00e9parant au mieux pour les opportunit\u00e9s au sein de la fonction publique canadienne. L&rsquo;Alliance Fran\u00e7aise Ottawa est votre partenaire de confiance dans votre qu\u00eate d&rsquo;excellence linguistique.<\/span><span data-ccp-props=\"{&quot;201341983&quot;:0,&quot;335551550&quot;:6,&quot;335551620&quot;:6,&quot;335559739&quot;:160,&quot;335559740&quot;:259}\">\u00a0<\/span><\/p>\n<div class=\"cell small-12 large-8 main-content\">\n<p><strong>Int\u00e9ress\u00e9.e par ce service ?\u00a0<\/strong>Contactez<a href=\"mailto:pedagogie@af.ca\"> pedagogie@af.ca<\/a>\u00a0pour en savoir plus.<\/p>\n<\/div>\n<p><span class=\"ui-provider a b c d e f g h i j k l m n o p q r s t u v w x y z ab ac ae af ag ah ai aj ak\" dir=\"ltr\"><i><strong>L&rsquo;\u00e9valuation linguistique orale se d\u00e9roule <span style=\"color: #ff0000;\">EN LIGNE<\/span> sur <span style=\"color: #ff0000;\">MsTeams<\/span> ou <span style=\"color: #ff0000;\">ZOOM.<\/span><\/strong><\/i><\/span><\/p>\n<div class=\"cell small-12 large-3 sidebar show-for-large\"><\/div>\n","protected":false},"excerpt":{"rendered":"<p>\u00c9valuez vos comp\u00e9tences orales en Fran\u00e7ais Langue Seconde.\u00a0 Que vous soyez membre d&rsquo;un comit\u00e9 de recrutement de la fonction publique canadienne ou un employ\u00e9 f\u00e9d\u00e9ral d\u00e9sireux d&rsquo;\u00e9valuer votre propre niveau de comp\u00e9tence en fran\u00e7ais, l&rsquo;Alliance Fran\u00e7aise Ottawa a la solution id\u00e9ale.\u00a0 Nous vous proposons une \u00e9valuation linguistique orale sp\u00e9cialement con\u00e7ue pour correspondre au format et&#8230;<\/p>\n<p><a class=\"button invert-primary\" href=\"https:\/\/af.ca\/ottawa\/evaluation-linguistique-orale-non-officielle-fonction-publique\/\">En savoir plus<\/a><\/p>\n","protected":false},"author":3,"featured_media":0,"parent":0,"menu_order":67,"comment_status":"closed","ping_status":"closed","template":"","meta":{"_acf_changed":false,"om_disable_all_campaigns":false,"_monsterinsights_skip_tracking":false,"_monsterinsights_sitenote_active":false,"_monsterinsights_sitenote_note":"","_monsterinsights_sitenote_category":0,"footnotes":""},"class_list":["post-21247","page","type-page","status-publish","hentry"],"acf":[],"yoast_head":"<!-- This site is optimized with the Yoast SEO plugin v27.4 - https:\/\/yoast.com\/product\/yoast-seo-wordpress\/ -->\n<title>\u00c9valuation linguistique \u00e0 l&#039;oral (\u00c9LO) non officielle fonction publique - Alliance Fran\u00e7aise Ottawa<\/title>\n<meta name=\"description\" content=\"Nous vous proposons une \u00e9valuation linguistique orale sp\u00e9cialement con\u00e7ue pour correspondre au format et aux crit\u00e8res du test officiel de la Commission de la fonction publique.\" \/>\n<meta name=\"robots\" content=\"index, follow, max-snippet:-1, max-image-preview:large, max-video-preview:-1\" \/>\n<link rel=\"canonical\" href=\"https:\/\/af.ca\/ottawa\/evaluation-linguistique-orale-non-officielle-fonction-publique\/\" \/>\n<meta property=\"og:locale\" content=\"fr_FR\" \/>\n<meta property=\"og:type\" content=\"article\" \/>\n<meta property=\"og:title\" content=\"\u00c9valuation linguistique \u00e0 l&#039;oral (\u00c9LO) non officielle fonction publique - Alliance Fran\u00e7aise Ottawa\" \/>\n<meta property=\"og:description\" content=\"Nous vous proposons une \u00e9valuation linguistique orale sp\u00e9cialement con\u00e7ue pour correspondre au format et aux crit\u00e8res du test officiel de la Commission de la fonction publique.\" \/>\n<meta property=\"og:url\" content=\"https:\/\/af.ca\/ottawa\/evaluation-linguistique-orale-non-officielle-fonction-publique\/\" \/>\n<meta property=\"og:site_name\" content=\"Alliance Fran\u00e7aise Ottawa\" \/>\n<meta property=\"article:modified_time\" content=\"2024-04-29T20:31:53+00:00\" \/>\n<meta property=\"og:image\" content=\"https:\/\/af.ca\/ottawa\/wp-content\/uploads\/2023\/10\/pexels-ketut-subiyanto-4126712-scaled.jpg\" \/>\n\t<meta property=\"og:image:width\" content=\"2560\" \/>\n\t<meta property=\"og:image:height\" content=\"1707\" \/>\n\t<meta property=\"og:image:type\" content=\"image\/jpeg\" \/>\n<meta name=\"twitter:card\" content=\"summary_large_image\" \/>\n<meta name=\"twitter:label1\" content=\"Dur\u00e9e de lecture estim\u00e9e\" \/>\n\t<meta name=\"twitter:data1\" content=\"2 minutes\" \/>\n<script type=\"application\/ld+json\" class=\"yoast-schema-graph\">{\"@context\":\"https:\\\/\\\/schema.org\",\"@graph\":[{\"@type\":\"WebPage\",\"@id\":\"https:\\\/\\\/af.ca\\\/ottawa\\\/evaluation-linguistique-orale-non-officielle-fonction-publique\\\/\",\"url\":\"https:\\\/\\\/af.ca\\\/ottawa\\\/evaluation-linguistique-orale-non-officielle-fonction-publique\\\/\",\"name\":\"\u00c9valuation linguistique \u00e0 l'oral (\u00c9LO) non officielle fonction publique - Alliance Fran\u00e7aise Ottawa\",\"isPartOf\":{\"@id\":\"https:\\\/\\\/af.ca\\\/ottawa\\\/#website\"},\"primaryImageOfPage\":{\"@id\":\"https:\\\/\\\/af.ca\\\/ottawa\\\/evaluation-linguistique-orale-non-officielle-fonction-publique\\\/#primaryimage\"},\"image\":{\"@id\":\"https:\\\/\\\/af.ca\\\/ottawa\\\/evaluation-linguistique-orale-non-officielle-fonction-publique\\\/#primaryimage\"},\"thumbnailUrl\":\"https:\\\/\\\/af.ca\\\/ottawa\\\/wp-content\\\/uploads\\\/2023\\\/10\\\/pexels-ketut-subiyanto-4126712-300x200.jpg\",\"datePublished\":\"2023-10-19T20:36:02+00:00\",\"dateModified\":\"2024-04-29T20:31:53+00:00\",\"description\":\"Nous vous proposons une \u00e9valuation linguistique orale sp\u00e9cialement con\u00e7ue pour correspondre au format et aux crit\u00e8res du test officiel de la Commission de la fonction publique.\",\"breadcrumb\":{\"@id\":\"https:\\\/\\\/af.ca\\\/ottawa\\\/evaluation-linguistique-orale-non-officielle-fonction-publique\\\/#breadcrumb\"},\"inLanguage\":\"fr-FR\",\"potentialAction\":[{\"@type\":\"ReadAction\",\"target\":[\"https:\\\/\\\/af.ca\\\/ottawa\\\/evaluation-linguistique-orale-non-officielle-fonction-publique\\\/\"]}]},{\"@type\":\"ImageObject\",\"inLanguage\":\"fr-FR\",\"@id\":\"https:\\\/\\\/af.ca\\\/ottawa\\\/evaluation-linguistique-orale-non-officielle-fonction-publique\\\/#primaryimage\",\"url\":\"https:\\\/\\\/af.ca\\\/ottawa\\\/wp-content\\\/uploads\\\/2023\\\/10\\\/pexels-ketut-subiyanto-4126712-scaled.jpg\",\"contentUrl\":\"https:\\\/\\\/af.ca\\\/ottawa\\\/wp-content\\\/uploads\\\/2023\\\/10\\\/pexels-ketut-subiyanto-4126712-scaled.jpg\",\"width\":2560,\"height\":1707},{\"@type\":\"BreadcrumbList\",\"@id\":\"https:\\\/\\\/af.ca\\\/ottawa\\\/evaluation-linguistique-orale-non-officielle-fonction-publique\\\/#breadcrumb\",\"itemListElement\":[{\"@type\":\"ListItem\",\"position\":1,\"name\":\"Home\",\"item\":\"https:\\\/\\\/af.ca\\\/ottawa\\\/\"},{\"@type\":\"ListItem\",\"position\":2,\"name\":\"\u00c9valuation linguistique \u00e0 l&#8217;oral (\u00c9LO) non officielle fonction publique\"}]},{\"@type\":\"WebSite\",\"@id\":\"https:\\\/\\\/af.ca\\\/ottawa\\\/#website\",\"url\":\"https:\\\/\\\/af.ca\\\/ottawa\\\/\",\"name\":\"Alliance Fran\u00e7aise Ottawa\",\"description\":\"\u00c9cole de langue fran\u00e7aise et centre culturel\",\"potentialAction\":[{\"@type\":\"SearchAction\",\"target\":{\"@type\":\"EntryPoint\",\"urlTemplate\":\"https:\\\/\\\/af.ca\\\/ottawa\\\/?s={search_term_string}\"},\"query-input\":{\"@type\":\"PropertyValueSpecification\",\"valueRequired\":true,\"valueName\":\"search_term_string\"}}],\"inLanguage\":\"fr-FR\"}]}<\/script>\n<!-- \/ Yoast SEO plugin. -->","yoast_head_json":{"title":"\u00c9valuation linguistique \u00e0 l'oral (\u00c9LO) non officielle fonction publique - Alliance Fran\u00e7aise Ottawa","description":"Nous vous proposons une \u00e9valuation linguistique orale sp\u00e9cialement con\u00e7ue pour correspondre au format et aux crit\u00e8res du test officiel de la Commission de la fonction publique.","robots":{"index":"index","follow":"follow","max-snippet":"max-snippet:-1","max-image-preview":"max-image-preview:large","max-video-preview":"max-video-preview:-1"},"canonical":"https:\/\/af.ca\/ottawa\/evaluation-linguistique-orale-non-officielle-fonction-publique\/","og_locale":"fr_FR","og_type":"article","og_title":"\u00c9valuation linguistique \u00e0 l'oral (\u00c9LO) non officielle fonction publique - Alliance Fran\u00e7aise Ottawa","og_description":"Nous vous proposons une \u00e9valuation linguistique orale sp\u00e9cialement con\u00e7ue pour correspondre au format et aux crit\u00e8res du test officiel de la Commission de la fonction publique.","og_url":"https:\/\/af.ca\/ottawa\/evaluation-linguistique-orale-non-officielle-fonction-publique\/","og_site_name":"Alliance Fran\u00e7aise Ottawa","article_modified_time":"2024-04-29T20:31:53+00:00","og_image":[{"width":2560,"height":1707,"url":"https:\/\/af.ca\/ottawa\/wp-content\/uploads\/2023\/10\/pexels-ketut-subiyanto-4126712-scaled.jpg","type":"image\/jpeg"}],"twitter_card":"summary_large_image","twitter_misc":{"Dur\u00e9e de lecture estim\u00e9e":"2 minutes"},"schema":{"@context":"https:\/\/schema.org","@graph":[{"@type":"WebPage","@id":"https:\/\/af.ca\/ottawa\/evaluation-linguistique-orale-non-officielle-fonction-publique\/","url":"https:\/\/af.ca\/ottawa\/evaluation-linguistique-orale-non-officielle-fonction-publique\/","name":"\u00c9valuation linguistique \u00e0 l'oral (\u00c9LO) non officielle fonction publique - Alliance Fran\u00e7aise Ottawa","isPartOf":{"@id":"https:\/\/af.ca\/ottawa\/#website"},"primaryImageOfPage":{"@id":"https:\/\/af.ca\/ottawa\/evaluation-linguistique-orale-non-officielle-fonction-publique\/#primaryimage"},"image":{"@id":"https:\/\/af.ca\/ottawa\/evaluation-linguistique-orale-non-officielle-fonction-publique\/#primaryimage"},"thumbnailUrl":"https:\/\/af.ca\/ottawa\/wp-content\/uploads\/2023\/10\/pexels-ketut-subiyanto-4126712-300x200.jpg","datePublished":"2023-10-19T20:36:02+00:00","dateModified":"2024-04-29T20:31:53+00:00","description":"Nous vous proposons une \u00e9valuation linguistique orale sp\u00e9cialement con\u00e7ue pour correspondre au format et aux crit\u00e8res du test officiel de la Commission de la fonction publique.","breadcrumb":{"@id":"https:\/\/af.ca\/ottawa\/evaluation-linguistique-orale-non-officielle-fonction-publique\/#breadcrumb"},"inLanguage":"fr-FR","potentialAction":[{"@type":"ReadAction","target":["https:\/\/af.ca\/ottawa\/evaluation-linguistique-orale-non-officielle-fonction-publique\/"]}]},{"@type":"ImageObject","inLanguage":"fr-FR","@id":"https:\/\/af.ca\/ottawa\/evaluation-linguistique-orale-non-officielle-fonction-publique\/#primaryimage","url":"https:\/\/af.ca\/ottawa\/wp-content\/uploads\/2023\/10\/pexels-ketut-subiyanto-4126712-scaled.jpg","contentUrl":"https:\/\/af.ca\/ottawa\/wp-content\/uploads\/2023\/10\/pexels-ketut-subiyanto-4126712-scaled.jpg","width":2560,"height":1707},{"@type":"BreadcrumbList","@id":"https:\/\/af.ca\/ottawa\/evaluation-linguistique-orale-non-officielle-fonction-publique\/#breadcrumb","itemListElement":[{"@type":"ListItem","position":1,"name":"Home","item":"https:\/\/af.ca\/ottawa\/"},{"@type":"ListItem","position":2,"name":"\u00c9valuation linguistique \u00e0 l&#8217;oral (\u00c9LO) non officielle fonction publique"}]},{"@type":"WebSite","@id":"https:\/\/af.ca\/ottawa\/#website","url":"https:\/\/af.ca\/ottawa\/","name":"Alliance Fran\u00e7aise Ottawa","description":"\u00c9cole de langue fran\u00e7aise et centre culturel","potentialAction":[{"@type":"SearchAction","target":{"@type":"EntryPoint","urlTemplate":"https:\/\/af.ca\/ottawa\/?s={search_term_string}"},"query-input":{"@type":"PropertyValueSpecification","valueRequired":true,"valueName":"search_term_string"}}],"inLanguage":"fr-FR"}]}},"blog_post_layout_featured_media_urls":{"thumbnail":"","full":""},"categories_names":null,"comments_number":"0","_links":{"self":[{"href":"https:\/\/af.ca\/ottawa\/wp-json\/wp\/v2\/pages\/21247","targetHints":{"allow":["GET"]}}],"collection":[{"href":"https:\/\/af.ca\/ottawa\/wp-json\/wp\/v2\/pages"}],"about":[{"href":"https:\/\/af.ca\/ottawa\/wp-json\/wp\/v2\/types\/page"}],"author":[{"embeddable":true,"href":"https:\/\/af.ca\/ottawa\/wp-json\/wp\/v2\/users\/3"}],"replies":[{"embeddable":true,"href":"https:\/\/af.ca\/ottawa\/wp-json\/wp\/v2\/comments?post=21247"}],"version-history":[{"count":0,"href":"https:\/\/af.ca\/ottawa\/wp-json\/wp\/v2\/pages\/21247\/revisions"}],"wp:attachment":[{"href":"https:\/\/af.ca\/ottawa\/wp-json\/wp\/v2\/media?parent=21247"}],"curies":[{"name":"wp","href":"https:\/\/api.w.org\/{rel}","templated":true}]}}